{"id":1597,"date":"2019-03-03T19:52:33","date_gmt":"2019-03-03T19:52:33","guid":{"rendered":"https:\/\/www.cinedia.fr\/lucie-lefilm\/?page_id=1597"},"modified":"2020-07-03T14:37:50","modified_gmt":"2020-07-03T14:37:50","slug":"revue-de-presse","status":"publish","type":"page","link":"https:\/\/www.cinedia.fr\/lucie-lefilm\/revue-de-presse\/","title":{"rendered":"Revue de presse"},"content":{"rendered":"<div class=\"wpb-content-wrapper\"><p>[vc_row foundry_background_style=\u00a0\u00bbbg-primary\u00a0\u00bb css=\u00a0\u00bb.vc_custom_1557068303586{background-color: #424242 !important;}\u00a0\u00bb][vc_column width=\u00a0\u00bb2\/3&Prime;][vc_column_text]<\/p>\n<h2>Merci \u00e0 tous les m\u00e9dias pour leurs soutiens<\/h2>\n<p><strong>En particulier les correspondants de presse locale, et tous journalistes r\u00e9gionaux qui ont \u00e9t\u00e9 un relais pr\u00e9cieux \u2665\ufe0f<br \/>\n<\/strong><strong>En national, qui ont permi au film de prendre son envol, Christine Sim\u00e9one de France Inter, Luc Le Chatelier de T\u00e9l\u00e9rama, et Denis Faroud de France bleu \u2665\ufe0f Merci \u00e0 Pierre-Yves Schneider sans qui tout cela ne serait pas arriv\u00e9.<br \/>\n<\/strong><\/p>\n<p>Plus de 40 articles parus dans le DL et d\u00e9j\u00e0 une dizaine d&rsquo;ITV sur France Bleu , merci !<\/p>\n<p>En national : France Inter \/ T\u00e9l\u00e9rama \/ France Bleu \/ RCF\/Reporterre\/Nouvel Obs\/Le Pelerin \/Officiel des spectacles<br \/>\nEn local : Le Dauphin\u00e9 Lib\u00e9r\u00e9 \/ France Bleu Is\u00e8re\/ France Bleu Dr\u00f4me Ard\u00e8che\/ France Bleu Loire\/ France Bleu Gard Loz\u00e8re\/ L\u2019Hebdo de l\u2019Ard\u00e8che \/Radio des Bouti\u00e8res \/ La Montagne &amp; L\u2019\u00e9veil \/ La Tribune \/ Le Progr\u00e8s \/ Le Centre \/ RCF \/ Le JTT \/ Autour du Doux \/ L\u2019impartial \/ R\u00e9veil \/ Terre Dauphinoise \/ D\u00e9clic Radio \/ Couleur FM \/ La Comm\u00e8re 43 \/ Zoom d\u2019ici \/ Bonjour Marcel \/ Positivr\/Le petit Bulletin\/Interval\/Totem\/Mytele.fr[\/vc_column_text][\/vc_column][vc_column width=\u00a0\u00bb1\/3&Prime;][vc_single_image image=\u00a0\u00bb2445&Prime; img_size=\u00a0\u00bblarge\u00a0\u00bb][\/vc_column][\/vc_row][vc_row foundry_background_style=\u00a0\u00bbbg-primary\u00a0\u00bb css=\u00a0\u00bb.vc_custom_1564346448714{background-color: #f7f7f7 !important;}\u00a0\u00bb][vc_column width=\u00a0\u00bb1\/4&Prime;][vc_single_image image=\u00a0\u00bb2455&Prime; img_size=\u00a0\u00bbmedium\u00a0\u00bb add_caption=\u00a0\u00bbyes\u00a0\u00bb onclick=\u00a0\u00bbcustom_link\u00a0\u00bb img_link_target=\u00a0\u00bb_blank\u00a0\u00bb link=\u00a0\u00bbhttps:\/\/www.franceinter.fr\/culture\/le-film-lucie-apres-moi-le-deluge-du-bouche-a-oreilles-a-la-sortie-nationale\u00a0\u00bb][\/vc_column][vc_column width=\u00a0\u00bb1\/4&Prime;][vc_single_image image=\u00a0\u00bb2397&Prime; img_size=\u00a0\u00bbmedium\u00a0\u00bb onclick=\u00a0\u00bbcustom_link\u00a0\u00bb img_link_target=\u00a0\u00bb_blank\u00a0\u00bb link=\u00a0\u00bbhttps:\/\/www.francebleu.fr\/emissions\/le-cafe-des-artistes-toute-l-actualite-des-spectacles\/isere\/le-cafe-des-artistes-608?fbclid=IwAR0VYqd_sBPPn3RYJ_id-FboVf44B8nVv9_d2igfvnqnB5InBXi5WN84pxw\u00a0\u00bb][\/vc_column][vc_column width=\u00a0\u00bb1\/4&Prime;][vc_single_image image=\u00a0\u00bb1678&Prime; img_size=\u00a0\u00bblarge\u00a0\u00bb onclick=\u00a0\u00bbcustom_link\u00a0\u00bb img_link_target=\u00a0\u00bb_blank\u00a0\u00bb link=\u00a0\u00bbhttps:\/\/c.ledauphine.com\/ardeche\/2019\/06\/09\/sur-le-plateau-ardechois-vivait-lucie\u00a0\u00bb][\/vc_column][vc_column width=\u00a0\u00bb1\/4&Prime;][vc_single_image image=\u00a0\u00bb2456&Prime; img_size=\u00a0\u00bblarge\u00a0\u00bb onclick=\u00a0\u00bbcustom_link\u00a0\u00bb img_link_target=\u00a0\u00bb_blank\u00a0\u00bb link=\u00a0\u00bbhttps:\/\/www.cinedia.fr\/lucie-lefilm\/wp-content\/uploads\/2019\/05\/DOUBLE-PAGE-TELERAMA_LUCIE_compressed-1024&#215;672.jpg\u00a0\u00bb][\/vc_column][\/vc_row][vc_row foundry_background_style=\u00a0\u00bbbg-primary\u00a0\u00bb css=\u00a0\u00bb.vc_custom_1551951601889{background-color: #5d9fe2 !important;}\u00a0\u00bb][vc_column][vc_row_inner][vc_column_inner width=\u00a0\u00bb2\/3&Prime;][vc_column_text]<\/p>\n<h3>\u201cUn plongeon dans une vie d\u2019authenticit\u00e9 et de simplicit\u00e9\u201d<\/h3>\n<h4>France Inter &#8211; Christine Sim\u00e9one<\/h4>\n<p>[\/vc_column_text][vc_column_text]<a href=\"https:\/\/www.franceinter.fr\/cinema\/lucie-apres-moi-le-deluge-ou-l-histoire-d-un-film-documentaire-qui-emeut-tout-le-monde-sur-son-passage\" target=\"_blank\" rel=\"noopener noreferrer\"><img loading=\"lazy\" decoding=\"async\" class=\"aligncenter size-full wp-image-2800\" src=\"https:\/\/www.cinedia.fr\/lucie-lefilm\/wp-content\/uploads\/2019\/11\/franceinter.png\" alt=\"\" width=\"515\" height=\"534\" srcset=\"https:\/\/www.cinedia.fr\/lucie-lefilm\/wp-content\/uploads\/2019\/11\/franceinter.png 515w, https:\/\/www.cinedia.fr\/lucie-lefilm\/wp-content\/uploads\/2019\/11\/franceinter-289x300.png 289w\" sizes=\"auto, (max-width: 515px) 100vw, 515px\" \/><\/a>[\/vc_column_text][vc_separator][vc_column_text]<\/p>\n<h3>\u201cRiche en \u00e9motions\u201d<\/h3>\n<h4>TELERAMA<br \/>\nLuc Le Chatelier<\/h4>\n<p>[\/vc_column_text][vc_gallery interval=\u00a0\u00bb0&Prime; images=\u00a0\u00bb2214&Prime; img_size=\u00a0\u00bbfull\u00a0\u00bb][\/vc_column_inner][vc_column_inner width=\u00a0\u00bb1\/3&Prime;][vc_column_text]<\/p>\n<h4>\u00ab\u00a0Dans un 20\u00e8me si\u00e8cle o\u00f9 le virtuel d\u00e9passe le r\u00e9el et o\u00f9 la r\u00e9alit\u00e9 augment\u00e9e est un mode de soci\u00e9t\u00e9, il est bon de se souvenir du temps, pas si lointain, o\u00f9 le cerveau \u00e9tait l&rsquo;ordinateur ; et les mains, un outil pour vivre (&#8230;) Simple et authentique, sans effet sp\u00e9ciaux, et \u00e7a fait un bien fou.\u00a0\u00bb<\/h4>\n<h4>Etienne Gentil &#8211; Le Dauphin\u00e9 Lib\u00e9r\u00e9<\/h4>\n<h5><\/h5>\n<p>[\/vc_column_text][vc_separator][vc_column_text]<\/p>\n<h3>\u201cUn vrai bonheur de vivre\u201d<\/h3>\n<h4>RCF &#8211; Claude Carrez<\/h4>\n<p>[\/vc_column_text][vc_separator][vc_column_text]<\/p>\n<h3>\u201cAttachante et bouleversante\u201d<\/h3>\n<h4>France 3<br \/>\nRh\u00f4ne-Alpes &#8211; Yannick Kusy<\/h4>\n<p>[\/vc_column_text][vc_separator][vc_column_text]<\/p>\n<h3>\u201cUne vie simple et dure \u00e0 la fois\u201d<\/h3>\n<h4>FRANCE BLEU &#8211; Denis Faroud<\/h4>\n<p>[\/vc_column_text][\/vc_column_inner][\/vc_row_inner][\/vc_column][\/vc_row][vc_row css_animation=\u00a0\u00bbfadeInDown\u00a0\u00bb foundry_background_style=\u00a0\u00bbbg-primary\u00a0\u00bb css=\u00a0\u00bb.vc_custom_1564346913174{background-color: #000000 !important;}\u00a0\u00bb][vc_column][vc_single_image image=\u00a0\u00bb2467&Prime; img_size=\u00a0\u00bblarge\u00a0\u00bb add_caption=\u00a0\u00bbyes\u00a0\u00bb alignment=\u00a0\u00bbcenter\u00a0\u00bb title=\u00a0\u00bbPassage dans l&rsquo;\u00e9mission Vivement Dimanche le 16 juin 2019&Prime;][\/vc_column][\/vc_row][vc_row foundry_background_style=\u00a0\u00bbbg-primary\u00a0\u00bb css=\u00a0\u00bb.vc_custom_1557068340581{background-color: #424242 !important;}\u00a0\u00bb][vc_column width=\u00a0\u00bb2\/3&Prime;][vc_video link=\u00a0\u00bbhttps:\/\/vimeo.com\/333357928&Prime;][vc_separator][vc_single_image image=\u00a0\u00bb2472&Prime; img_size=\u00a0\u00bblarge\u00a0\u00bb add_caption=\u00a0\u00bbyes\u00a0\u00bb alignment=\u00a0\u00bbcenter\u00a0\u00bb onclick=\u00a0\u00bbcustom_link\u00a0\u00bb img_link_target=\u00a0\u00bb_blank\u00a0\u00bb link=\u00a0\u00bbhttps:\/\/www.francebleu.fr\/emissions\/une-heure-en-france\/une-heure-en-france-frederique-leteurnier-denis-faroud-170&Prime;][vc_separator][vc_video link=\u00a0\u00bbhttps:\/\/vimeo.com\/292577641&Prime;][vc_separator][vc_video link=\u00a0\u00bbhttps:\/\/vimeo.com\/317673315&Prime;][vc_separator][vc_column_text]<\/p>\n<p><iframe loading=\"lazy\" src=\"\/\/embedftv-a.akamaihd.net\/6b8d54ad7dc62baa7180d6f3b8e50026\" width=\"560\" height=\"315\" frameborder=\"0\" scrolling=\"no\" allowfullscreen=\"allowfullscreen\"><\/iframe><\/p>\n<p>[\/vc_column_text][vc_separator][vc_separator][vc_video link=\u00a0\u00bbhttps:\/\/vimeo.com\/350522679\/0f9ba3e6e1&Prime;][vc_separator][vc_video link=\u00a0\u00bbhttps:\/\/vimeo.com\/350496370\/e1af99eb79&Prime;][vc_separator][vc_video link=\u00a0\u00bbhttps:\/\/vimeo.com\/350516109\/4715c6e2aa\u00a0\u00bb][vc_separator][vc_video link=\u00a0\u00bbhttps:\/\/vimeo.com\/350522873\/b1355aed7a\u00a0\u00bb][vc_separator][vc_column_text]<iframe loading=\"lazy\" src=\"https:\/\/rcf.fr\/embed\/1899050\" width=\"100%\" height=\"220\" frameborder=\"0\" data-mce-fragment=\"1\"><\/iframe>[\/vc_column_text][vc_separator][vc_gallery type=\u00a0\u00bbimage_grid\u00a0\u00bb images=\u00a0\u00bb2878,12,2197,2549&Prime; img_size=\u00a0\u00bblarge\u00a0\u00bb][vc_separator][vc_gallery type=\u00a0\u00bbflexslider_slide\u00a0\u00bb interval=\u00a0\u00bb3&Prime; images=\u00a0\u00bb2882,2245,2875,2597,2598,2247,1912,2045,2097,2050,1910,1906,1904,13,9,1907,1915,1909,2330,2408,2407,2406,2405,2404,2403,2402,2176,2484,2498,2495,2496,2497,2879,2880,2881&Prime; img_size=\u00a0\u00bbmedium\u00a0\u00bb][\/vc_column][vc_column width=\u00a0\u00bb1\/3&Prime;][vc_video link=\u00a0\u00bbhttps:\/\/vimeo.com\/350504208&Prime;][vc_column_text]<\/p>\n<div id=\"attachment_2398\" style=\"width: 160px\" class=\"wp-caption aligncenter\"><a href=\"https:\/\/www.franceculture.fr\/emissions\/une-vie-dartiste\/eloge-de-la-fragilite-avec-nathalie-beasse-sophie-loridon-et-clara-yse\" target=\"_blank\" rel=\"noopener noreferrer\"><img loading=\"lazy\" decoding=\"async\" aria-describedby=\"caption-attachment-2398\" class=\"wp-image-2398 size-thumbnail\" src=\"https:\/\/www.cinedia.fr\/lucie-lefilm\/wp-content\/uploads\/2019\/07\/FranceCulture-150x150.png\" alt=\"\" width=\"150\" height=\"150\" srcset=\"https:\/\/www.cinedia.fr\/lucie-lefilm\/wp-content\/uploads\/2019\/07\/FranceCulture-150x150.png 150w, https:\/\/www.cinedia.fr\/lucie-lefilm\/wp-content\/uploads\/2019\/07\/FranceCulture-60x60.png 60w, https:\/\/www.cinedia.fr\/lucie-lefilm\/wp-content\/uploads\/2019\/07\/FranceCulture.png 225w\" sizes=\"auto, (max-width: 150px) 100vw, 150px\" \/><\/a><p id=\"caption-attachment-2398\" class=\"wp-caption-text\">avec Aurelie Charon<\/p><\/div>\n<div id=\"attachment_2182\" style=\"width: 310px\" class=\"wp-caption aligncenter\"><img loading=\"lazy\" decoding=\"async\" aria-describedby=\"caption-attachment-2182\" class=\"wp-image-2182 size-medium\" src=\"https:\/\/www.cinedia.fr\/lucie-lefilm\/wp-content\/uploads\/2019\/05\/FR3-RH2-300x250.png\" alt=\"\" width=\"300\" height=\"250\" \/><p id=\"caption-attachment-2182\" class=\"wp-caption-text\">avec Yannick Kusy<\/p><\/div>\n<div id=\"attachment_2399\" style=\"width: 310px\" class=\"wp-caption aligncenter\"><a href=\"https:\/\/www.cinedia.fr\/lucie-lefilm\/wp-content\/uploads\/2019\/07\/06-PELERIN-ARTICLE-768x489.png\" target=\"_blank\" rel=\"noopener noreferrer\"><img loading=\"lazy\" decoding=\"async\" aria-describedby=\"caption-attachment-2399\" class=\"wp-image-2399 size-medium\" src=\"https:\/\/www.cinedia.fr\/lucie-lefilm\/wp-content\/uploads\/2019\/07\/logo-pelerin-2010-1-300x98.png\" alt=\"\" width=\"300\" height=\"98\" \/><\/a><p id=\"caption-attachment-2399\" class=\"wp-caption-text\">Par Pierre-Olivier Boiton<\/p><\/div>\n<div id=\"attachment_2091\" style=\"width: 310px\" class=\"wp-caption aligncenter\"><a href=\"https:\/\/www.leprogres.fr\/haute-loire-43\/2019\/04\/17\/une-sortie-nationale-prevue-pour-le-documentaire-lucie-apres-moi-le-deluge?fbclid=IwAR1LnZwjB1fxiRjvsz3P8szpM4Xj5pFun5j0aKu5FPLip8JzEIpdCR98Fzc\"><img loading=\"lazy\" decoding=\"async\" aria-describedby=\"caption-attachment-2091\" class=\"wp-image-2091 size-medium\" src=\"https:\/\/www.cinedia.fr\/lucie-lefilm\/wp-content\/uploads\/2019\/04\/1280px-Logo_Journal_Progre\u0300s.svg_-300x57.png\" alt=\"\" width=\"300\" height=\"57\" srcset=\"https:\/\/www.cinedia.fr\/lucie-lefilm\/wp-content\/uploads\/2019\/04\/1280px-Logo_Journal_Progre\u0300s.svg_-300x57.png 300w, https:\/\/www.cinedia.fr\/lucie-lefilm\/wp-content\/uploads\/2019\/04\/1280px-Logo_Journal_Progre\u0300s.svg_-768x146.png 768w, https:\/\/www.cinedia.fr\/lucie-lefilm\/wp-content\/uploads\/2019\/04\/1280px-Logo_Journal_Progre\u0300s.svg_-1024x194.png 1024w, https:\/\/www.cinedia.fr\/lucie-lefilm\/wp-content\/uploads\/2019\/04\/1280px-Logo_Journal_Progre\u0300s.svg_.png 1280w\" sizes=\"auto, (max-width: 300px) 100vw, 300px\" \/><\/a><p id=\"caption-attachment-2091\" class=\"wp-caption-text\">par Sabrine Zahran<\/p><\/div>\n<div id=\"attachment_1674\" style=\"width: 310px\" class=\"wp-caption aligncenter\"><a href=\"https:\/\/vimeo.com\/326535516\"><img loading=\"lazy\" decoding=\"async\" aria-describedby=\"caption-attachment-1674\" class=\"wp-image-1674 size-medium\" src=\"https:\/\/www.cinedia.fr\/lucie-lefilm\/wp-content\/uploads\/2019\/03\/logo_RCF-300x157.png\" alt=\"\" width=\"300\" height=\"157\" srcset=\"https:\/\/www.cinedia.fr\/lucie-lefilm\/wp-content\/uploads\/2019\/03\/logo_RCF-300x157.png 300w, https:\/\/www.cinedia.fr\/lucie-lefilm\/wp-content\/uploads\/2019\/03\/logo_RCF.png 381w\" sizes=\"auto, (max-width: 300px) 100vw, 300px\" \/><\/a><p id=\"caption-attachment-1674\" class=\"wp-caption-text\">Par Claude Carrez<\/p><\/div>\n<div id=\"attachment_2476\" style=\"width: 310px\" class=\"wp-caption aligncenter\"><a href=\"https:\/\/www.francebleu.fr\/emissions\/l-invite-de-france-bleu-drome-ardeche-midi\/drome-ardeche\/l-invite-de-france-bleu-drome-ardeche-midi-212\" target=\"_blank\" rel=\"noopener noreferrer\"><img loading=\"lazy\" decoding=\"async\" aria-describedby=\"caption-attachment-2476\" class=\"wp-image-2476 size-medium\" src=\"https:\/\/www.cinedia.fr\/lucie-lefilm\/wp-content\/uploads\/2019\/07\/04-LOGO-FB-DROME-ARDECHE-300x300.png\" alt=\"\" width=\"300\" height=\"300\" srcset=\"https:\/\/www.cinedia.fr\/lucie-lefilm\/wp-content\/uploads\/2019\/07\/04-LOGO-FB-DROME-ARDECHE-300x300.png 300w, https:\/\/www.cinedia.fr\/lucie-lefilm\/wp-content\/uploads\/2019\/07\/04-LOGO-FB-DROME-ARDECHE-150x150.png 150w, https:\/\/www.cinedia.fr\/lucie-lefilm\/wp-content\/uploads\/2019\/07\/04-LOGO-FB-DROME-ARDECHE-768x768.png 768w, https:\/\/www.cinedia.fr\/lucie-lefilm\/wp-content\/uploads\/2019\/07\/04-LOGO-FB-DROME-ARDECHE-1024x1024.png 1024w, https:\/\/www.cinedia.fr\/lucie-lefilm\/wp-content\/uploads\/2019\/07\/04-LOGO-FB-DROME-ARDECHE-60x60.png 60w, https:\/\/www.cinedia.fr\/lucie-lefilm\/wp-content\/uploads\/2019\/07\/04-LOGO-FB-DROME-ARDECHE-500x500.png 500w, https:\/\/www.cinedia.fr\/lucie-lefilm\/wp-content\/uploads\/2019\/07\/04-LOGO-FB-DROME-ARDECHE.png 1200w\" sizes=\"auto, (max-width: 300px) 100vw, 300px\" \/><\/a><p id=\"caption-attachment-2476\" class=\"wp-caption-text\">Avec Nelly Sorbier<\/p><\/div>\n<div id=\"attachment_2503\" style=\"width: 310px\" class=\"wp-caption aligncenter\"><a href=\"https:\/\/www.ardechois-a-paris.org\/actualites\/culture\/lucie-apres-moi-le-deluge-de-sophie-loridon\/\" target=\"_blank\" rel=\"noopener noreferrer\"><img loading=\"lazy\" decoding=\"async\" aria-describedby=\"caption-attachment-2503\" class=\"wp-image-2503 size-medium\" src=\"https:\/\/www.cinedia.fr\/lucie-lefilm\/wp-content\/uploads\/2019\/07\/LOGO-ARDECHE-300x225.jpg\" alt=\"\" width=\"300\" height=\"225\" srcset=\"https:\/\/www.cinedia.fr\/lucie-lefilm\/wp-content\/uploads\/2019\/07\/LOGO-ARDECHE-300x225.jpg 300w, https:\/\/www.cinedia.fr\/lucie-lefilm\/wp-content\/uploads\/2019\/07\/LOGO-ARDECHE.jpg 400w\" sizes=\"auto, (max-width: 300px) 100vw, 300px\" \/><\/a><p id=\"caption-attachment-2503\" class=\"wp-caption-text\">Avec le soutien de l&rsquo;Amicale<\/p><\/div>\n<p>[\/vc_column_text][vc_column_text]<\/p>\n<div id=\"attachment_1679\" style=\"width: 310px\" class=\"wp-caption alignnone\"><a href=\"https:\/\/hearthis.at\/radiodesboutieres\/2019-03-27-vogue-le-navire\/\" target=\"_blank\" rel=\"noopener noreferrer\"><img loading=\"lazy\" decoding=\"async\" aria-describedby=\"caption-attachment-1679\" class=\"wp-image-1679 size-medium\" src=\"https:\/\/www.cinedia.fr\/lucie-lefilm\/wp-content\/uploads\/2019\/03\/logo-rdb-300x200.png\" alt=\"\" width=\"300\" height=\"200\" srcset=\"https:\/\/www.cinedia.fr\/lucie-lefilm\/wp-content\/uploads\/2019\/03\/logo-rdb-300x200.png 300w, https:\/\/www.cinedia.fr\/lucie-lefilm\/wp-content\/uploads\/2019\/03\/logo-rdb-600x400.png 600w, https:\/\/www.cinedia.fr\/lucie-lefilm\/wp-content\/uploads\/2019\/03\/logo-rdb.png 625w\" sizes=\"auto, (max-width: 300px) 100vw, 300px\" \/><\/a><p id=\"caption-attachment-1679\" class=\"wp-caption-text\">avec le soutien d&rsquo;RDB<\/p><\/div>\n<p>[\/vc_column_text][vc_column_text]<\/p>\n<div id=\"attachment_1678\" style=\"width: 310px\" class=\"wp-caption alignnone\"><a href=\"https:\/\/c.ledauphine.com\/ardeche\/2019\/06\/09\/sur-le-plateau-ardechois-vivait-lucie\"><img loading=\"lazy\" decoding=\"async\" aria-describedby=\"caption-attachment-1678\" class=\"wp-image-1678 size-medium\" src=\"https:\/\/www.cinedia.fr\/lucie-lefilm\/wp-content\/uploads\/2019\/03\/Logo-Le-Dauphine\u0301-Libe\u0301re\u0301-300x77.jpg\" alt=\"\" width=\"300\" height=\"77\" srcset=\"https:\/\/www.cinedia.fr\/lucie-lefilm\/wp-content\/uploads\/2019\/03\/Logo-Le-Dauphine\u0301-Libe\u0301re\u0301-300x77.jpg 300w, https:\/\/www.cinedia.fr\/lucie-lefilm\/wp-content\/uploads\/2019\/03\/Logo-Le-Dauphine\u0301-Libe\u0301re\u0301-768x197.jpg 768w, https:\/\/www.cinedia.fr\/lucie-lefilm\/wp-content\/uploads\/2019\/03\/Logo-Le-Dauphine\u0301-Libe\u0301re\u0301-1024x263.jpg 1024w, https:\/\/www.cinedia.fr\/lucie-lefilm\/wp-content\/uploads\/2019\/03\/Logo-Le-Dauphine\u0301-Libe\u0301re\u0301.jpg 1280w\" sizes=\"auto, (max-width: 300px) 100vw, 300px\" \/><\/a><p id=\"caption-attachment-1678\" class=\"wp-caption-text\">Podcast avec Salera Benarbia<\/p><\/div>\n<p>[\/vc_column_text][vc_column_text]<img loading=\"lazy\" decoding=\"async\" class=\"alignnone size-medium wp-image-1677\" src=\"https:\/\/www.cinedia.fr\/lucie-lefilm\/wp-content\/uploads\/2019\/03\/logo-la-tribune-300x150.png\" alt=\"\" width=\"300\" height=\"150\" srcset=\"https:\/\/www.cinedia.fr\/lucie-lefilm\/wp-content\/uploads\/2019\/03\/logo-la-tribune-300x150.png 300w, https:\/\/www.cinedia.fr\/lucie-lefilm\/wp-content\/uploads\/2019\/03\/logo-la-tribune-768x384.png 768w, https:\/\/www.cinedia.fr\/lucie-lefilm\/wp-content\/uploads\/2019\/03\/logo-la-tribune-1024x512.png 1024w\" sizes=\"auto, (max-width: 300px) 100vw, 300px\" \/>[\/vc_column_text][vc_column_text]<a href=\"http:\/\/www.zoomdici.fr\/actualite\/La-paysanne-du-Mezenc-bientot-de-notoriete-nationale-id169604.html\" target=\"_blank\" rel=\"noopener noreferrer\"><img loading=\"lazy\" decoding=\"async\" class=\"alignnone size-medium wp-image-1675\" src=\"https:\/\/www.cinedia.fr\/lucie-lefilm\/wp-content\/uploads\/2019\/03\/Logo_zoom1-300x181.jpg\" alt=\"\" width=\"300\" height=\"181\" srcset=\"https:\/\/www.cinedia.fr\/lucie-lefilm\/wp-content\/uploads\/2019\/03\/Logo_zoom1-300x181.jpg 300w, https:\/\/www.cinedia.fr\/lucie-lefilm\/wp-content\/uploads\/2019\/03\/Logo_zoom1.jpg 600w\" sizes=\"auto, (max-width: 300px) 100vw, 300px\" \/><\/a>[\/vc_column_text][vc_column_text]<img loading=\"lazy\" decoding=\"async\" class=\"alignnone size-medium wp-image-1672\" src=\"https:\/\/www.cinedia.fr\/lucie-lefilm\/wp-content\/uploads\/2019\/03\/logo-journal-du-centre-300x72.png\" alt=\"\" width=\"300\" height=\"72\" srcset=\"https:\/\/www.cinedia.fr\/lucie-lefilm\/wp-content\/uploads\/2019\/03\/logo-journal-du-centre-300x72.png 300w, https:\/\/www.cinedia.fr\/lucie-lefilm\/wp-content\/uploads\/2019\/03\/logo-journal-du-centre.png 458w\" sizes=\"auto, (max-width: 300px) 100vw, 300px\" \/>[\/vc_column_text][vc_column_text]<\/p>\n<div id=\"attachment_1673\" style=\"width: 235px\" class=\"wp-caption alignnone\"><a href=\"https:\/\/www.cinedia.fr\/lucie-lefilm\/wp-content\/uploads\/2019\/05\/hebdo-ardeche-1024x561.jpg\" target=\"_blank\" rel=\"noopener noreferrer\"><img loading=\"lazy\" decoding=\"async\" aria-describedby=\"caption-attachment-1673\" class=\"wp-image-1673 size-full\" src=\"https:\/\/www.cinedia.fr\/lucie-lefilm\/wp-content\/uploads\/2019\/03\/logo_hebdo-de-larde\u0300che.jpg\" alt=\"\" width=\"225\" height=\"225\" srcset=\"https:\/\/www.cinedia.fr\/lucie-lefilm\/wp-content\/uploads\/2019\/03\/logo_hebdo-de-larde\u0300che.jpg 225w, https:\/\/www.cinedia.fr\/lucie-lefilm\/wp-content\/uploads\/2019\/03\/logo_hebdo-de-larde\u0300che-150x150.jpg 150w, https:\/\/www.cinedia.fr\/lucie-lefilm\/wp-content\/uploads\/2019\/03\/logo_hebdo-de-larde\u0300che-60x60.jpg 60w\" sizes=\"auto, (max-width: 225px) 100vw, 225px\" \/><\/a><p id=\"caption-attachment-1673\" class=\"wp-caption-text\">par Chrystelle Cluzel et Nicolas Lemmonier<\/p><\/div>\n<p>[\/vc_column_text][vc_column_text]<a href=\"https:\/\/www.lacommere43.fr\/actualites\/itemlist\/tag\/lucie%20apr%C3%A8s%20moi%20le%20d%C3%A9luge.feed\" target=\"_blank\" rel=\"noopener noreferrer\"><img loading=\"lazy\" decoding=\"async\" class=\"alignnone size-full wp-image-1670\" src=\"https:\/\/www.cinedia.fr\/lucie-lefilm\/wp-content\/uploads\/2019\/03\/LA-commere-43.png\" alt=\"\" width=\"225\" height=\"225\" srcset=\"https:\/\/www.cinedia.fr\/lucie-lefilm\/wp-content\/uploads\/2019\/03\/LA-commere-43.png 225w, https:\/\/www.cinedia.fr\/lucie-lefilm\/wp-content\/uploads\/2019\/03\/LA-commere-43-150x150.png 150w, https:\/\/www.cinedia.fr\/lucie-lefilm\/wp-content\/uploads\/2019\/03\/LA-commere-43-60x60.png 60w\" sizes=\"auto, (max-width: 225px) 100vw, 225px\" \/><\/a>[\/vc_column_text][vc_single_image image=\u00a0\u00bb2482&Prime; img_size=\u00a0\u00bbmedium\u00a0\u00bb alignment=\u00a0\u00bbcenter\u00a0\u00bb onclick=\u00a0\u00bbcustom_link\u00a0\u00bb link=\u00a0\u00bbhttps:\/\/reporterre.net\/Est-ce-que-c-etait-mieux-autrefois\u00a0\u00bb][vc_single_image image=\u00a0\u00bb2490&Prime; img_size=\u00a0\u00bbmedium\u00a0\u00bb alignment=\u00a0\u00bbcenter\u00a0\u00bb onclick=\u00a0\u00bbcustom_link\u00a0\u00bb link=\u00a0\u00bbhttps:\/\/www.couleursfm.com\/rencontre-avec-sophie-loridon\/\u00a0\u00bb][vc_single_image image=\u00a0\u00bb2492&Prime; img_size=\u00a0\u00bbmedium\u00a0\u00bb alignment=\u00a0\u00bbcenter\u00a0\u00bb onclick=\u00a0\u00bbcustom_link\u00a0\u00bb link=\u00a0\u00bbhttps:\/\/www.nouvelobs.com\/cinema\/20190608.OBS14135\/parasite-l-autre-continent-les-films-a-voir-ou-pas-cette-semaine.html\u00a0\u00bb][vc_column_text]<\/p>\n<p><a href=\"http:\/\/encreviolette.unblog.fr\/2019\/06\/12\/lucie-vareilles-est-entree-dans-paris\/comment-page-1\/\" target=\"_blank\" rel=\"noopener noreferrer\"><img loading=\"lazy\" decoding=\"async\" class=\"aligncenter wp-image-2707 size-medium\" src=\"https:\/\/www.cinedia.fr\/lucie-lefilm\/wp-content\/uploads\/2019\/10\/Capture-d\u2019e\u0301cran-2019-10-29-a\u0300-21.20.23-300x33.png\" alt=\"\" width=\"300\" height=\"33\" srcset=\"https:\/\/www.cinedia.fr\/lucie-lefilm\/wp-content\/uploads\/2019\/10\/Capture-d\u2019e\u0301cran-2019-10-29-a\u0300-21.20.23-300x33.png 300w, https:\/\/www.cinedia.fr\/lucie-lefilm\/wp-content\/uploads\/2019\/10\/Capture-d\u2019e\u0301cran-2019-10-29-a\u0300-21.20.23.png 716w\" sizes=\"auto, (max-width: 300px) 100vw, 300px\" \/><\/a>&gt; Blog <a href=\"http:\/\/encreviolette.unblog.fr\/2019\/06\/12\/lucie-vareilles-est-entree-dans-paris\/comment-page-1\/\" target=\"_blank\" rel=\"noopener noreferrer\"><strong>A l&rsquo;encre violette<\/strong> : un magnifique article !<\/a>[\/vc_column_text][\/vc_column][\/vc_row][vc_row foundry_background_style=\u00a0\u00bbbg-primary\u00a0\u00bb][vc_column width=\u00a0\u00bb1\/6&Prime;][\/vc_column][vc_column width=\u00a0\u00bb2\/3&Prime;][vc_column_text]<\/p>\n<h5 class=\"uppercase\" style=\"text-align: center;\">CONTACTEZ L&rsquo;\u00c9QUIPE DU FILM<\/h5>\n<p>[\/vc_column_text]\n<div class=\"wpcf7 no-js\" id=\"wpcf7-f249-o1\" lang=\"en-US\" dir=\"ltr\" data-wpcf7-id=\"249\">\n<div class=\"screen-reader-response\"><p role=\"status\" aria-live=\"polite\" aria-atomic=\"true\"><\/p> <ul><\/ul><\/div>\n<form action=\"\/lucie-lefilm\/wp-json\/wp\/v2\/pages\/1597#wpcf7-f249-o1\" method=\"post\" class=\"wpcf7-form init\" aria-label=\"Contact form\" novalidate=\"novalidate\" data-status=\"init\">\n<fieldset class=\"hidden-fields-container\"><input type=\"hidden\" name=\"_wpcf7\" value=\"249\" \/><input type=\"hidden\" name=\"_wpcf7_version\" value=\"6.1.5\" \/><input type=\"hidden\" name=\"_wpcf7_locale\" value=\"en_US\" \/><input type=\"hidden\" name=\"_wpcf7_unit_tag\" value=\"wpcf7-f249-o1\" \/><input type=\"hidden\" name=\"_wpcf7_container_post\" value=\"0\" \/><input type=\"hidden\" name=\"_wpcf7_posted_data_hash\" value=\"\" \/>\n<\/fieldset>\n<p><span class=\"wpcf7-form-control-wrap\" data-name=\"your-name\"><input size=\"40\" maxlength=\"400\" class=\"wpcf7-form-control wpcf7-text wpcf7-validates-as-required\" aria-required=\"true\" aria-invalid=\"false\" placeholder=\"Votre nom\" value=\"\" type=\"text\" name=\"your-name\" \/><\/span><span class=\"wpcf7-form-control-wrap\" data-name=\"your-email\"><input size=\"40\" maxlength=\"400\" class=\"wpcf7-form-control wpcf7-email wpcf7-validates-as-required wpcf7-text wpcf7-validates-as-email\" aria-required=\"true\" aria-invalid=\"false\" placeholder=\"Votre Email\" value=\"\" type=\"email\" name=\"your-email\" \/><\/span><span class=\"wpcf7-form-control-wrap\" data-name=\"your-message\"><textarea cols=\"40\" rows=\"10\" maxlength=\"2000\" class=\"wpcf7-form-control wpcf7-textarea wpcf7-validates-as-required gg-black\" aria-required=\"true\" aria-invalid=\"false\" placeholder=\"Message\" name=\"your-message\"><\/textarea><\/span><input class=\"wpcf7-form-control wpcf7-submit has-spinner\" type=\"submit\" value=\"Envoyer\" \/>\n<\/p><div class=\"wpcf7-response-output\" aria-hidden=\"true\"><\/div>\n<\/form>\n<\/div>\n[vc_column_text][\/vc_column_text][\/vc_column][vc_column width=\u00a0\u00bb1\/6&Prime;][\/vc_column][\/vc_row]<\/p>\n<\/div>","protected":false},"excerpt":{"rendered":"<p>[vc_row foundry_background_style=\u00a0\u00bbbg-primary\u00a0\u00bb css=\u00a0\u00bb.vc_custom_1557068303586{background-color: #424242 !important;}\u00a0\u00bb][vc_column width=\u00a0\u00bb2\/3&Prime;][vc_column_text] Merci \u00e0 tous les m\u00e9dias pour leurs soutiens En particulier les correspondants de presse locale,&#8230;<\/p>\n","protected":false},"author":1,"featured_media":0,"parent":0,"menu_order":0,"comment_status":"closed","ping_status":"closed","template":"","meta":{"footnotes":""},"class_list":["post-1597","page","type-page","status-publish","hentry"],"yoast_head":"<!-- This site is optimized with the Yoast SEO plugin v27.5 - https:\/\/yoast.com\/product\/yoast-seo-wordpress\/ -->\n<title>Revue de presse - Lucie, Apr\u00e8s moi le d\u00e9luge \/\/ Site Officiel<\/title>\n<meta name=\"robots\" content=\"index, follow, max-snippet:-1, max-image-preview:large, max-video-preview:-1\" \/>\n<link rel=\"canonical\" href=\"https:\/\/www.cinedia.fr\/lucie-lefilm\/revue-de-presse\/\" \/>\n<meta property=\"og:locale\" content=\"fr_FR\" \/>\n<meta property=\"og:type\" content=\"article\" \/>\n<meta property=\"og:title\" content=\"Revue de presse - Lucie, Apr\u00e8s moi le d\u00e9luge \/\/ Site Officiel\" \/>\n<meta property=\"og:description\" content=\"[vc_row foundry_background_style=\u00a0\u00bbbg-primary\u00a0\u00bb css=\u00a0\u00bb.vc_custom_1557068303586{background-color: #424242 !important;}\u00a0\u00bb][vc_column width=\u00a0\u00bb2\/3&Prime;][vc_column_text] Merci \u00e0 tous les m\u00e9dias pour leurs soutiens En particulier les correspondants de presse locale,...\" \/>\n<meta property=\"og:url\" content=\"https:\/\/www.cinedia.fr\/lucie-lefilm\/revue-de-presse\/\" \/>\n<meta property=\"og:site_name\" content=\"Lucie, Apr\u00e8s moi le d\u00e9luge \/\/ Site Officiel\" \/>\n<meta property=\"article:modified_time\" content=\"2020-07-03T14:37:50+00:00\" \/>\n<meta property=\"og:image\" content=\"https:\/\/www.cinedia.fr\/lucie-lefilm\/wp-content\/uploads\/2019\/11\/franceinter.png\" \/>\n<meta name=\"twitter:card\" content=\"summary_large_image\" \/>\n<meta name=\"twitter:label1\" content=\"Dur\u00e9e de lecture estim\u00e9e\" \/>\n\t<meta name=\"twitter:data1\" content=\"5 minutes\" \/>\n<script type=\"application\/ld+json\" class=\"yoast-schema-graph\">{\"@context\":\"https:\\\/\\\/schema.org\",\"@graph\":[{\"@type\":\"WebPage\",\"@id\":\"https:\\\/\\\/www.cinedia.fr\\\/lucie-lefilm\\\/revue-de-presse\\\/\",\"url\":\"https:\\\/\\\/www.cinedia.fr\\\/lucie-lefilm\\\/revue-de-presse\\\/\",\"name\":\"Revue de presse - Lucie, Apr\u00e8s moi le d\u00e9luge \\\/\\\/ Site Officiel\",\"isPartOf\":{\"@id\":\"https:\\\/\\\/www.cinedia.fr\\\/lucie-lefilm\\\/#website\"},\"primaryImageOfPage\":{\"@id\":\"https:\\\/\\\/www.cinedia.fr\\\/lucie-lefilm\\\/revue-de-presse\\\/#primaryimage\"},\"image\":{\"@id\":\"https:\\\/\\\/www.cinedia.fr\\\/lucie-lefilm\\\/revue-de-presse\\\/#primaryimage\"},\"thumbnailUrl\":\"https:\\\/\\\/www.cinedia.fr\\\/lucie-lefilm\\\/wp-content\\\/uploads\\\/2019\\\/11\\\/franceinter.png\",\"datePublished\":\"2019-03-03T19:52:33+00:00\",\"dateModified\":\"2020-07-03T14:37:50+00:00\",\"breadcrumb\":{\"@id\":\"https:\\\/\\\/www.cinedia.fr\\\/lucie-lefilm\\\/revue-de-presse\\\/#breadcrumb\"},\"inLanguage\":\"fr-FR\",\"potentialAction\":[{\"@type\":\"ReadAction\",\"target\":[\"https:\\\/\\\/www.cinedia.fr\\\/lucie-lefilm\\\/revue-de-presse\\\/\"]}]},{\"@type\":\"ImageObject\",\"inLanguage\":\"fr-FR\",\"@id\":\"https:\\\/\\\/www.cinedia.fr\\\/lucie-lefilm\\\/revue-de-presse\\\/#primaryimage\",\"url\":\"https:\\\/\\\/www.cinedia.fr\\\/lucie-lefilm\\\/wp-content\\\/uploads\\\/2019\\\/11\\\/franceinter.png\",\"contentUrl\":\"https:\\\/\\\/www.cinedia.fr\\\/lucie-lefilm\\\/wp-content\\\/uploads\\\/2019\\\/11\\\/franceinter.png\",\"width\":515,\"height\":534},{\"@type\":\"BreadcrumbList\",\"@id\":\"https:\\\/\\\/www.cinedia.fr\\\/lucie-lefilm\\\/revue-de-presse\\\/#breadcrumb\",\"itemListElement\":[{\"@type\":\"ListItem\",\"position\":1,\"name\":\"Accueil\",\"item\":\"https:\\\/\\\/www.cinedia.fr\\\/lucie-lefilm\\\/\"},{\"@type\":\"ListItem\",\"position\":2,\"name\":\"Revue de presse\"}]},{\"@type\":\"WebSite\",\"@id\":\"https:\\\/\\\/www.cinedia.fr\\\/lucie-lefilm\\\/#website\",\"url\":\"https:\\\/\\\/www.cinedia.fr\\\/lucie-lefilm\\\/\",\"name\":\"Lucie, Apr\u00e8s moi le d\u00e9luge \\\/\\\/ Site Officiel\",\"description\":\"Le site officiel du film documentaire de Sophie Loridon sorti en 2019.\",\"potentialAction\":[{\"@type\":\"SearchAction\",\"target\":{\"@type\":\"EntryPoint\",\"urlTemplate\":\"https:\\\/\\\/www.cinedia.fr\\\/lucie-lefilm\\\/?s={search_term_string}\"},\"query-input\":{\"@type\":\"PropertyValueSpecification\",\"valueRequired\":true,\"valueName\":\"search_term_string\"}}],\"inLanguage\":\"fr-FR\"}]}<\/script>\n<!-- \/ Yoast SEO plugin. -->","yoast_head_json":{"title":"Revue de presse - Lucie, Apr\u00e8s moi le d\u00e9luge \/\/ Site Officiel","robots":{"index":"index","follow":"follow","max-snippet":"max-snippet:-1","max-image-preview":"max-image-preview:large","max-video-preview":"max-video-preview:-1"},"canonical":"https:\/\/www.cinedia.fr\/lucie-lefilm\/revue-de-presse\/","og_locale":"fr_FR","og_type":"article","og_title":"Revue de presse - Lucie, Apr\u00e8s moi le d\u00e9luge \/\/ Site Officiel","og_description":"[vc_row foundry_background_style=\u00a0\u00bbbg-primary\u00a0\u00bb css=\u00a0\u00bb.vc_custom_1557068303586{background-color: #424242 !important;}\u00a0\u00bb][vc_column width=\u00a0\u00bb2\/3&Prime;][vc_column_text] Merci \u00e0 tous les m\u00e9dias pour leurs soutiens En particulier les correspondants de presse locale,...","og_url":"https:\/\/www.cinedia.fr\/lucie-lefilm\/revue-de-presse\/","og_site_name":"Lucie, Apr\u00e8s moi le d\u00e9luge \/\/ Site Officiel","article_modified_time":"2020-07-03T14:37:50+00:00","og_image":[{"url":"https:\/\/www.cinedia.fr\/lucie-lefilm\/wp-content\/uploads\/2019\/11\/franceinter.png","type":"","width":"","height":""}],"twitter_card":"summary_large_image","twitter_misc":{"Dur\u00e9e de lecture estim\u00e9e":"5 minutes"},"schema":{"@context":"https:\/\/schema.org","@graph":[{"@type":"WebPage","@id":"https:\/\/www.cinedia.fr\/lucie-lefilm\/revue-de-presse\/","url":"https:\/\/www.cinedia.fr\/lucie-lefilm\/revue-de-presse\/","name":"Revue de presse - Lucie, Apr\u00e8s moi le d\u00e9luge \/\/ Site Officiel","isPartOf":{"@id":"https:\/\/www.cinedia.fr\/lucie-lefilm\/#website"},"primaryImageOfPage":{"@id":"https:\/\/www.cinedia.fr\/lucie-lefilm\/revue-de-presse\/#primaryimage"},"image":{"@id":"https:\/\/www.cinedia.fr\/lucie-lefilm\/revue-de-presse\/#primaryimage"},"thumbnailUrl":"https:\/\/www.cinedia.fr\/lucie-lefilm\/wp-content\/uploads\/2019\/11\/franceinter.png","datePublished":"2019-03-03T19:52:33+00:00","dateModified":"2020-07-03T14:37:50+00:00","breadcrumb":{"@id":"https:\/\/www.cinedia.fr\/lucie-lefilm\/revue-de-presse\/#breadcrumb"},"inLanguage":"fr-FR","potentialAction":[{"@type":"ReadAction","target":["https:\/\/www.cinedia.fr\/lucie-lefilm\/revue-de-presse\/"]}]},{"@type":"ImageObject","inLanguage":"fr-FR","@id":"https:\/\/www.cinedia.fr\/lucie-lefilm\/revue-de-presse\/#primaryimage","url":"https:\/\/www.cinedia.fr\/lucie-lefilm\/wp-content\/uploads\/2019\/11\/franceinter.png","contentUrl":"https:\/\/www.cinedia.fr\/lucie-lefilm\/wp-content\/uploads\/2019\/11\/franceinter.png","width":515,"height":534},{"@type":"BreadcrumbList","@id":"https:\/\/www.cinedia.fr\/lucie-lefilm\/revue-de-presse\/#breadcrumb","itemListElement":[{"@type":"ListItem","position":1,"name":"Accueil","item":"https:\/\/www.cinedia.fr\/lucie-lefilm\/"},{"@type":"ListItem","position":2,"name":"Revue de presse"}]},{"@type":"WebSite","@id":"https:\/\/www.cinedia.fr\/lucie-lefilm\/#website","url":"https:\/\/www.cinedia.fr\/lucie-lefilm\/","name":"Lucie, Apr\u00e8s moi le d\u00e9luge \/\/ Site Officiel","description":"Le site officiel du film documentaire de Sophie Loridon sorti en 2019.","potentialAction":[{"@type":"SearchAction","target":{"@type":"EntryPoint","urlTemplate":"https:\/\/www.cinedia.fr\/lucie-lefilm\/?s={search_term_string}"},"query-input":{"@type":"PropertyValueSpecification","valueRequired":true,"valueName":"search_term_string"}}],"inLanguage":"fr-FR"}]}},"_links":{"self":[{"href":"https:\/\/www.cinedia.fr\/lucie-lefilm\/wp-json\/wp\/v2\/pages\/1597","targetHints":{"allow":["GET"]}}],"collection":[{"href":"https:\/\/www.cinedia.fr\/lucie-lefilm\/wp-json\/wp\/v2\/pages"}],"about":[{"href":"https:\/\/www.cinedia.fr\/lucie-lefilm\/wp-json\/wp\/v2\/types\/page"}],"author":[{"embeddable":true,"href":"https:\/\/www.cinedia.fr\/lucie-lefilm\/wp-json\/wp\/v2\/users\/1"}],"replies":[{"embeddable":true,"href":"https:\/\/www.cinedia.fr\/lucie-lefilm\/wp-json\/wp\/v2\/comments?post=1597"}],"version-history":[{"count":172,"href":"https:\/\/www.cinedia.fr\/lucie-lefilm\/wp-json\/wp\/v2\/pages\/1597\/revisions"}],"predecessor-version":[{"id":2884,"href":"https:\/\/www.cinedia.fr\/lucie-lefilm\/wp-json\/wp\/v2\/pages\/1597\/revisions\/2884"}],"wp:attachment":[{"href":"https:\/\/www.cinedia.fr\/lucie-lefilm\/wp-json\/wp\/v2\/media?parent=1597"}],"curies":[{"name":"wp","href":"https:\/\/api.w.org\/{rel}","templated":true}]}}