{"id":1784,"date":"2019-03-07T10:45:38","date_gmt":"2019-03-07T10:45:38","guid":{"rendered":"https:\/\/www.cinedia.fr\/lucie-lefilm\/?page_id=1784"},"modified":"2021-05-03T13:00:18","modified_gmt":"2021-05-03T13:00:18","slug":"un-film-independant","status":"publish","type":"page","link":"https:\/\/www.cinedia.fr\/lucie-lefilm\/un-film-independant\/","title":{"rendered":"Les coulisses du film"},"content":{"rendered":"<div class=\"wpb-content-wrapper\"><p>[vc_row][vc_column width=\u00a0\u00bb2\/3&Prime;][vc_column_text]<\/p>\n<h3 class=\"uppercase mb40 mb-xs-24\" style=\"text-align: center;\">Un film ind\u00e9pendant, r\u00e9alis\u00e9 avec le coeur !<\/h3>\n<p>Je suis r\u00e9alisatrice et j\u2019ai toujours r\u00eav\u00e9 de faire un portrait cin\u00e9matographique de Lucie. Mon premier sc\u00e9nario de Lucie date de 1997 alors que j&rsquo;\u00e9tais \u00e9tudiante en cin\u00e9ma.<\/p>\n<p>En 2008 Sandro Lucerna, un ami cam\u00e9raman, me propose de prendre la cam\u00e9ra et de me filmer avec Lucie.<br \/>\nIl faut dire qu&rsquo;elle a d\u00e9j\u00e0 92 ans&#8230; alors on part \u00e0 l&rsquo;aventure, sans rien attendre en retour, et sans financement ! Depuis toujours j&rsquo;avais r\u00eav\u00e9 de filmer cette vie d&rsquo;un autre temps. Parce que c&rsquo;\u00e9tait comme capter ce qu&rsquo;il reste de la vie d&rsquo;avant&#8230;.Filmer Lucie c&rsquo;\u00e9tait filmer une part de ma vie, comme un film de famille, de mani\u00e8re visc\u00e9rale&#8230; pour transmettre \u00e0 mes enfants, mais aussi aux g\u00e9n\u00e9rations futures.<\/p>\n<p>Au fil des saison, jusqu\u2019\u00e0 ses 93 ans, nous filmons Lucie au soir de sa vie.<\/p>\n<p>J\u2019ai gard\u00e9 les images bien pr\u00e9cieusement durant 10 ans, esp\u00e9rant un jour trouver le temps et l&rsquo;\u00e9nergie de r\u00e9aliser ce film. Je ne voulais pas \u00ab\u00a0juste\u00a0\u00bb faire un film familial, bien que lors du tournage nous ne savions pas quelle serait sa destin\u00e9e. Il s&rsquo;agissait alors simplement de capter sa m\u00e9moire, pour l&rsquo;\u00e9ternit\u00e9&#8230; Je souhaitais attendre d&rsquo;avoir les moyens de faire un documentaire de cr\u00e9ation, entour\u00e9e de professionnels, pour que ce film \u00ab\u00a0de famille\u00a0\u00bb, au caract\u00e8re intimiste, puisse devenir un message plus universel,\u00a0 qui touche le c\u0153ur de tout un chacun.<\/p>\n<p>En 2017 la maison de Lucie est de nouveau habit\u00e9e. C&rsquo;est une amiti\u00e9 qui nait et le d\u00e9clic pour enfin terminer ce film de Lucie, puisque le nouvel habitant du hameau est compositeur. C&rsquo;est donc sans imaginer que cela me prendra 2 ann\u00e9es que je commence mon derushage en novembre 2017&#8230;<\/p>\n<p>En 2018 de ces images n\u00e9e une histoire, celle de Lucie.<\/p>\n<p>Je commence le montage, et en 2019, apr\u00e8s un an de travail intense, le soutien des journalistes locaux Lucie aura fait 6000 entr\u00e9es entre l\u2019Is\u00e8re, l\u2019Ard\u00e8che, la Haute Loire et la Dr\u00f4me. La presse nationale s&#8217;empare du sujet, T\u00e9l\u00e9rama, France Inter, France Bleu, et je d\u00e9cide de faire une sortie nationale. Le 5 Juin 2019, Lucie sort officiellement au cin\u00e9ma ! Nous en sommes aujourd&rsquo;hui \u00e0 27 000 entr\u00e9es&#8230;en cin\u00e9mas et salle culturelles, et ce n&rsquo;est pas termin\u00e9 !<\/p>\n<h3 class=\"uppercase mb40 mb-xs-24\">.. et d\u00e9j\u00e0 27 000 entr\u00e9es \u2764\ufe0f<\/h3>\n<p>Je remercie chaleureusement toutes les personnes qui m\u2019ont encourag\u00e9es avec leurs lettres, leur messages ou leur paroles pleines d&rsquo;amour \u00e0 la fin du film. Tous les journalistes qui se sont int\u00e9ress\u00e9s au film et ceux qui l&rsquo;ont compris. Toute cette entraide m\u2019a donn\u00e9 beaucoup de courage pour porter ce film, malgr\u00e9 les tous petits moyens dont je dispose. Le film Lucie est un OVNI dans l&rsquo;industrie du cin\u00e9ma, puisque les films sont habituellement financ\u00e9s en amont par le CNC et divers financements publics et priv\u00e9s. Lucie r\u00e9v\u00e8le que tout est possible, m\u00eame l&rsquo;impossible&#8230; Gr\u00e2ce \u00e0 vous qui me lisez, et aussi au travail des programmateurs et des b\u00e9n\u00e9voles de cin\u00e9mas ind\u00e9pendants.<\/p>\n<p>Le film continue \u00e0 vivre dans les salles, si vous le demandez, si vous souhaitez le partager.<\/p>\n<p>Et Surtout je remercie ici CINEDIA, son producteur Thomas Groc, ainsi que l&rsquo;\u00e9quipe artistique&#8230; Merci pour votre talent.<\/p>\n<p>En ces temps difficiles de pand\u00e9mie o\u00f9 nous revient comme un boomerang les effets n\u00e9fastes de notre soci\u00e9t\u00e9 de consommation, il semble que la sagesse de Lucie et son bon sens deviennent une vraie le\u00e7on de vie !<\/p>\n<p>A bient\u00f4t !<\/p>\n<p class=\"lead mb64\" style=\"text-align: center;\"><img loading=\"lazy\" decoding=\"async\" class=\"aligncenter wp-image-1487 size-full\" src=\"https:\/\/www.cinedia.fr\/lucie-lefilm\/wp-content\/uploads\/2019\/03\/Sophie-Loridon-e1551949039804.png\" alt=\"\" width=\"200\" height=\"123\" \/><\/p>\n<p>[\/vc_column_text][vc_separator][vc_single_image image=\u00a0\u00bb2720&Prime; img_size=\u00a0\u00bblarge\u00a0\u00bb][vc_column_text]<\/p>\n<h3><strong>La Musique Originale<\/strong><\/h3>\n<p>Vous d\u00e9couvrirez dans le DVD en vente depuis cet hiver, en suppl\u00e9ments , trois morceaux de la Bande Originale \u00e9crite et interpr\u00e9t\u00e9e par Hugues Laurent. Il a accept\u00e9 d&rsquo;offrir son talent \u00e0 Lucie, pour honorer celle qui avant lui, habitait ce hameau.<\/p>\n<p>Hugues Laurent est compositeur, pianiste et organiste de formation. Originaire de Grenoble, Il commence a s&rsquo;int\u00e9resser \u00e0 l&rsquo;\u00e9tude de la composition dans la classe de Luzignant (1998) pour \u00e9tudier l\u2019harmonie et le contrepoint. Il obtient \u00e0 Lyon en 2002 deux m\u00e9dailles d\u2019or avec mention tr\u00e8s bien.<\/p>\n<p>Son r\u00e9pertoire offre une th\u00e9matique pr\u00e9gnante tint\u00e9e d\u2019un gout d\u2019\u00e9cole \u00ab \u00e0 la Fran\u00e7aise \u00bb. Il combine des outils de cr\u00e9ations h\u00e9t\u00e9roclites et compl\u00e9mentaires, de la maitrise du langage tonal et harmonique complexe, au travail de la mati\u00e8re sonore contemporaine, l\u2019\u00e9criture d\u2019orchestre et sa direction ainsi que la production de musique \u00e9lectronique.<\/p>\n<p>C&rsquo;est en 2017, que je rencontre Hugues Laurent, le nouveau locataire de \u00ab Chez Lucie \u00bb.<\/p>\n<p>Il est auteur, compositeur et pianiste. Je partage avec lui le souhait d\u2019une musique originale pour le film en construction. Je r\u00eave depuis toujours de piano pour Lucie.\u2026C\u2019est en janvier 2018, lorsque la premi\u00e8re version du film \u00e9merge, qu\u2019Hugues Laurent d\u00e9couvre LUCIE et d\u00e9cide de se lancer sans h\u00e9siter dans l\u2019aventure, touch\u00e9 par ce personnage authentique. C\u2019est ainsi que la BO est n\u00e9e, \u00e0 Malfoug\u00e8res, dans la grange m\u00eame de Malfoug\u00e8res. Lucie ne pouvait trouver meilleur interpr\u00e8te pour donner \u00e0 ce film ce suppl\u00e9ment d\u2019\u00e2me.<\/p>\n<p>Ce sont trois g\u00e9n\u00e9rations qui d\u00e9sormais cohabitent dans cette maison, redonnant vie au hameau.[\/vc_column_text][vc_separator][vc_single_image image=\u00a0\u00bb1829&Prime; img_size=\u00a0\u00bblarge\u00a0\u00bb][vc_column_text css_animation=\u00a0\u00bbnone\u00a0\u00bb]<\/p>\n<h2><strong>L&rsquo;\u00e9quipe artistique<br \/>\n<\/strong><\/h2>\n<p><strong>Bande Originale<\/strong> Hugues Laurent<br \/>\n<strong>Op\u00e9rateur prises de vue<\/strong> Sandro Lucerna<br \/>\n<strong>Op\u00e9rateur prise de son<\/strong> Sandro Lucerna<br \/>\n<strong>Montage et \u00e9talonnage<\/strong> Sophie Loridon<br \/>\n<strong>Mixage son<\/strong> Laurent Mollard, Ga\u00efne Audio<br \/>\n<strong>Super 8<\/strong> Georges Terraz<br \/>\n<strong>Photos de tournage <\/strong>Bernard Crozas<strong><br \/>\nBA et graphisme<\/strong> Gulsah Keles\u00a0 et Thomas Groc<br \/>\n<strong>Conception DVD<\/strong> Denis Cugnod<br \/>\n<strong>Financements et Distribution<\/strong> CINEDIA<br \/>\nThomas Groc Directeur de Production<br \/>\nAlice Louste Assistante de Production<br \/>\nAur\u00e9lien Perrin-Pommeray Assistant de Production<\/p>\n<p><strong>Remerciements : <\/strong>Toute ma famille, Colette Pilon, Lucie Robin, Pierre-Yves Schneider, Thierry Andonian, Gulsah Keles, Eliette Jouve, Cathy et Andr\u00e9 Laplace, docteur Herdt d&rsquo;avoir pris soin de Lucie. Pour leur participation \u00e0 l&rsquo;image et pour avoir accept\u00e9 de figurer dans le film : Yvette Boute (une cousine de Lucie), Yannis et Enes Ben Hamouda (mes enfants) , Elisabeth Loridon (ma maman) , Lucie Robin (une amie) , Etienne Terraz (mon cousin) et sa famille Florence, L\u00e9o, Valentin et Lucie Terraz, la \u00ab\u00a0petite Lucie\u00a0\u00bb du film. A toute l&rsquo;\u00e9quipe de Cin\u00e9dia, Sandro, Tom, Alice et Aur\u00e9lien, pour leur soutien et leur aide si pr\u00e9cieuse.[\/vc_column_text][vc_separator][vc_single_image image=\u00a0\u00bb32&Prime; img_size=\u00a0\u00bblarge\u00a0\u00bb][vc_column_text]<\/p>\n<h2><strong>La gen\u00e8se du film<br \/>\n<\/strong><\/h2>\n<p>Le tournage a eu lieu en 2009. Cela faisait depuis 1997 que je souhaitais faire un film \u00ab\u00a0Des cousines\u00a0\u00bb car \u00e0 l&rsquo;\u00e9poque Lucie vivait avec Vatshie sa seour ain\u00e9e, avec qui elle a partag\u00e9 toute sa vie. C&rsquo;est Sandro Lucerna qui m&rsquo;a donn\u00e9 cette possibilit\u00e9, prenant la cam\u00e9ra sur les quatres saisons. Nous avions une seule cam\u00e9ra. Tout a \u00e9t\u00e9 film\u00e9 spontan\u00e9ment, les visites n\u2019\u00e9tant pas pr\u00e9par\u00e9es \u00e0 l\u2019avance, donc pas sc\u00e9naris\u00e9es, ni provoqu\u00e9es.\u00a0 Nous avons suivi le cours de la vie de Lucie naturellement. Elle aimait l&rsquo;id\u00e9e d&rsquo;\u00eatre film\u00e9e, et mine de rien en \u00e9tait tr\u00e8s contente. Elle savait qu\u2019elle appartenait \u00e0 un autre temps et m\u2019a offert son enti\u00e8re confiance, pour la m\u00e9moire.<\/p>\n<p>Il a \u00e9t\u00e9 n\u00e9cessaire que j\u2019apparaisse dans le film afin de converser avec Lucie tout en lui permettant de garder son naturel. Aussi jouant le r\u00f4le de confidente, pour marquer \u00e0 l\u2019image cette complicit\u00e9, j\u2019ai fait le choix de garder les \u00abOFF\u00bb du film, ces moments de vie o\u00f9 le tournage se joue dans le film.<\/p>\n<p>Le parti pris de r\u00e9alisation a \u00e9t\u00e9 de laisser \u00e0 l\u2019image le temps au temps, et parfois des silences\u2026Nous respirons au rythme de Lucie, lenteur de l\u2019image r\u00e9v\u00e9lant la sagesse d\u2019une vie accomplie\u2026 Je remercie ici Sandro Lucerna qui a eu l&rsquo;\u00e9coute pour filmer Lucie en parfaite symbiose avec elle. Je le remercie car il m&rsquo;a permis de r\u00e9aliser ce r\u00eave de toujours.[\/vc_column_text][vc_separator][vc_single_image image=\u00a0\u00bb26&Prime; img_size=\u00a0\u00bblarge\u00a0\u00bb][vc_column_text]<\/p>\n<h2><strong>Les images Super 8 : \u00ab\u00a0Les ann\u00e9es 70\u00a0\u00bb<\/strong><\/h2>\n<p>C\u2019est mon grand-p\u00e8re, Georges Terraz, qui a tourn\u00e9 ces magnifiques images super 8, notamment lors de l\u2019\u00e9t\u00e9 77. La s\u00e9quence des hommes du villages se rassemblant autour de la batteuse est embl\u00e9matique du temps o\u00f9 les voisins des hameaux proches \u00e9taient solidaires. Nous y d\u00e9couvrons une agriculture encore manuelle : les foins, les terrasses encore entretenues, le travail des b\u00eates, la derni\u00e8re batteuse du XXeme si\u00e8cle, la nostalgie des vacances au bout du monde et de l\u2019homme qui travaille de concert avec la nature. La nostalgie d\u2019un temps r\u00e9volu, avant le d\u00e9membrement agricole et la m\u00e9canisation. Mais c&rsquo;est aussi une \u00e9poque dure, o\u00f9 les hommes sont soumis aux \u00e9l\u00e9ments, o\u00f9 les femmes travaillent au m\u00eame titre que les hommes dans l&rsquo;exploitation familiale,.<\/p>\n<p>Lors des projections en Ard\u00e8che, que d&rsquo;\u00e9motions lorsque certaines personnes reconnaissent leurs proches sur les images super 8, retrouvant ainsi un proche disparu&#8230;[\/vc_column_text][\/vc_column][vc_column width=\u00a0\u00bb1\/3&Prime;][vc_gallery type=\u00a0\u00bbimage_grid\u00a0\u00bb images=\u00a0\u00bb32,25,1839,1840,1841,1844&Prime; img_size=\u00a0\u00bblarge\u00a0\u00bb][\/vc_column][\/vc_row][vc_row foundry_background_style=\u00a0\u00bbbg-primary\u00a0\u00bb][vc_column width=\u00a0\u00bb3\/12&Prime;][\/vc_column][vc_column width=\u00a0\u00bb6\/12&Prime;][vc_column_text]<\/p>\n<h5 class=\"uppercase\" style=\"text-align: center;\">CONTACTEZ L&rsquo;\u00c9QUIPE DU FILM<\/h5>\n<p>[\/vc_column_text]\n<div class=\"wpcf7 no-js\" id=\"wpcf7-f249-o1\" lang=\"en-US\" dir=\"ltr\" data-wpcf7-id=\"249\">\n<div class=\"screen-reader-response\"><p role=\"status\" aria-live=\"polite\" aria-atomic=\"true\"><\/p> <ul><\/ul><\/div>\n<form action=\"\/lucie-lefilm\/wp-json\/wp\/v2\/pages\/1784#wpcf7-f249-o1\" method=\"post\" class=\"wpcf7-form init\" aria-label=\"Contact form\" novalidate=\"novalidate\" data-status=\"init\">\n<fieldset class=\"hidden-fields-container\"><input type=\"hidden\" name=\"_wpcf7\" value=\"249\" \/><input type=\"hidden\" name=\"_wpcf7_version\" value=\"6.1.5\" \/><input type=\"hidden\" name=\"_wpcf7_locale\" value=\"en_US\" \/><input type=\"hidden\" name=\"_wpcf7_unit_tag\" value=\"wpcf7-f249-o1\" \/><input type=\"hidden\" name=\"_wpcf7_container_post\" value=\"0\" \/><input type=\"hidden\" name=\"_wpcf7_posted_data_hash\" value=\"\" \/>\n<\/fieldset>\n<p><span class=\"wpcf7-form-control-wrap\" data-name=\"your-name\"><input size=\"40\" maxlength=\"400\" class=\"wpcf7-form-control wpcf7-text wpcf7-validates-as-required\" aria-required=\"true\" aria-invalid=\"false\" placeholder=\"Votre nom\" value=\"\" type=\"text\" name=\"your-name\" \/><\/span><span class=\"wpcf7-form-control-wrap\" data-name=\"your-email\"><input size=\"40\" maxlength=\"400\" class=\"wpcf7-form-control wpcf7-email wpcf7-validates-as-required wpcf7-text wpcf7-validates-as-email\" aria-required=\"true\" aria-invalid=\"false\" placeholder=\"Votre Email\" value=\"\" type=\"email\" name=\"your-email\" \/><\/span><span class=\"wpcf7-form-control-wrap\" data-name=\"your-message\"><textarea cols=\"40\" rows=\"10\" maxlength=\"2000\" class=\"wpcf7-form-control wpcf7-textarea wpcf7-validates-as-required gg-black\" aria-required=\"true\" aria-invalid=\"false\" placeholder=\"Message\" name=\"your-message\"><\/textarea><\/span><input class=\"wpcf7-form-control wpcf7-submit has-spinner\" type=\"submit\" value=\"Envoyer\" \/>\n<\/p><div class=\"wpcf7-response-output\" aria-hidden=\"true\"><\/div>\n<\/form>\n<\/div>\n[vc_column_text][\/vc_column_text][\/vc_column][vc_column width=\u00a0\u00bb3\/12&Prime;][\/vc_column][\/vc_row]<\/p>\n<\/div>","protected":false},"excerpt":{"rendered":"<p>[vc_row][vc_column width=\u00a0\u00bb2\/3&Prime;][vc_column_text] Un film ind\u00e9pendant, r\u00e9alis\u00e9 avec le coeur ! Je suis r\u00e9alisatrice et j\u2019ai toujours r\u00eav\u00e9 de faire un portrait&#8230;<\/p>\n","protected":false},"author":1,"featured_media":0,"parent":0,"menu_order":0,"comment_status":"closed","ping_status":"closed","template":"","meta":{"footnotes":""},"class_list":["post-1784","page","type-page","status-publish","hentry"],"yoast_head":"<!-- This site is optimized with the Yoast SEO plugin v27.5 - https:\/\/yoast.com\/product\/yoast-seo-wordpress\/ -->\n<title>Les coulisses du film - Lucie, Apr\u00e8s moi le d\u00e9luge \/\/ Site Officiel<\/title>\n<meta name=\"robots\" content=\"index, follow, max-snippet:-1, max-image-preview:large, max-video-preview:-1\" \/>\n<link rel=\"canonical\" href=\"https:\/\/www.cinedia.fr\/lucie-lefilm\/un-film-independant\/\" \/>\n<meta property=\"og:locale\" content=\"fr_FR\" \/>\n<meta property=\"og:type\" content=\"article\" \/>\n<meta property=\"og:title\" content=\"Les coulisses du film - Lucie, Apr\u00e8s moi le d\u00e9luge \/\/ Site Officiel\" \/>\n<meta property=\"og:description\" content=\"[vc_row][vc_column width=\u00a0\u00bb2\/3&Prime;][vc_column_text] Un film ind\u00e9pendant, r\u00e9alis\u00e9 avec le coeur ! Je suis r\u00e9alisatrice et j\u2019ai toujours r\u00eav\u00e9 de faire un portrait...\" \/>\n<meta property=\"og:url\" content=\"https:\/\/www.cinedia.fr\/lucie-lefilm\/un-film-independant\/\" \/>\n<meta property=\"og:site_name\" content=\"Lucie, Apr\u00e8s moi le d\u00e9luge \/\/ Site Officiel\" \/>\n<meta property=\"article:modified_time\" content=\"2021-05-03T13:00:18+00:00\" \/>\n<meta property=\"og:image\" content=\"https:\/\/www.cinedia.fr\/lucie-lefilm\/wp-content\/uploads\/2019\/03\/Sophie-Loridon-e1551949039804.png\" \/>\n<meta name=\"twitter:card\" content=\"summary_large_image\" \/>\n<meta name=\"twitter:label1\" content=\"Dur\u00e9e de lecture estim\u00e9e\" \/>\n\t<meta name=\"twitter:data1\" content=\"7 minutes\" \/>\n<script type=\"application\/ld+json\" class=\"yoast-schema-graph\">{\"@context\":\"https:\\\/\\\/schema.org\",\"@graph\":[{\"@type\":\"WebPage\",\"@id\":\"https:\\\/\\\/www.cinedia.fr\\\/lucie-lefilm\\\/un-film-independant\\\/\",\"url\":\"https:\\\/\\\/www.cinedia.fr\\\/lucie-lefilm\\\/un-film-independant\\\/\",\"name\":\"Les coulisses du film - Lucie, Apr\u00e8s moi le d\u00e9luge \\\/\\\/ Site Officiel\",\"isPartOf\":{\"@id\":\"https:\\\/\\\/www.cinedia.fr\\\/lucie-lefilm\\\/#website\"},\"primaryImageOfPage\":{\"@id\":\"https:\\\/\\\/www.cinedia.fr\\\/lucie-lefilm\\\/un-film-independant\\\/#primaryimage\"},\"image\":{\"@id\":\"https:\\\/\\\/www.cinedia.fr\\\/lucie-lefilm\\\/un-film-independant\\\/#primaryimage\"},\"thumbnailUrl\":\"https:\\\/\\\/www.cinedia.fr\\\/lucie-lefilm\\\/wp-content\\\/uploads\\\/2019\\\/03\\\/Sophie-Loridon-e1551949039804.png\",\"datePublished\":\"2019-03-07T10:45:38+00:00\",\"dateModified\":\"2021-05-03T13:00:18+00:00\",\"breadcrumb\":{\"@id\":\"https:\\\/\\\/www.cinedia.fr\\\/lucie-lefilm\\\/un-film-independant\\\/#breadcrumb\"},\"inLanguage\":\"fr-FR\",\"potentialAction\":[{\"@type\":\"ReadAction\",\"target\":[\"https:\\\/\\\/www.cinedia.fr\\\/lucie-lefilm\\\/un-film-independant\\\/\"]}]},{\"@type\":\"ImageObject\",\"inLanguage\":\"fr-FR\",\"@id\":\"https:\\\/\\\/www.cinedia.fr\\\/lucie-lefilm\\\/un-film-independant\\\/#primaryimage\",\"url\":\"https:\\\/\\\/www.cinedia.fr\\\/lucie-lefilm\\\/wp-content\\\/uploads\\\/2019\\\/03\\\/Sophie-Loridon-e1551949039804.png\",\"contentUrl\":\"https:\\\/\\\/www.cinedia.fr\\\/lucie-lefilm\\\/wp-content\\\/uploads\\\/2019\\\/03\\\/Sophie-Loridon-e1551949039804.png\",\"width\":200,\"height\":123},{\"@type\":\"BreadcrumbList\",\"@id\":\"https:\\\/\\\/www.cinedia.fr\\\/lucie-lefilm\\\/un-film-independant\\\/#breadcrumb\",\"itemListElement\":[{\"@type\":\"ListItem\",\"position\":1,\"name\":\"Accueil\",\"item\":\"https:\\\/\\\/www.cinedia.fr\\\/lucie-lefilm\\\/\"},{\"@type\":\"ListItem\",\"position\":2,\"name\":\"Les coulisses du film\"}]},{\"@type\":\"WebSite\",\"@id\":\"https:\\\/\\\/www.cinedia.fr\\\/lucie-lefilm\\\/#website\",\"url\":\"https:\\\/\\\/www.cinedia.fr\\\/lucie-lefilm\\\/\",\"name\":\"Lucie, Apr\u00e8s moi le d\u00e9luge \\\/\\\/ Site Officiel\",\"description\":\"Le site officiel du film documentaire de Sophie Loridon sorti en 2019.\",\"potentialAction\":[{\"@type\":\"SearchAction\",\"target\":{\"@type\":\"EntryPoint\",\"urlTemplate\":\"https:\\\/\\\/www.cinedia.fr\\\/lucie-lefilm\\\/?s={search_term_string}\"},\"query-input\":{\"@type\":\"PropertyValueSpecification\",\"valueRequired\":true,\"valueName\":\"search_term_string\"}}],\"inLanguage\":\"fr-FR\"}]}<\/script>\n<!-- \/ Yoast SEO plugin. -->","yoast_head_json":{"title":"Les coulisses du film - Lucie, Apr\u00e8s moi le d\u00e9luge \/\/ Site Officiel","robots":{"index":"index","follow":"follow","max-snippet":"max-snippet:-1","max-image-preview":"max-image-preview:large","max-video-preview":"max-video-preview:-1"},"canonical":"https:\/\/www.cinedia.fr\/lucie-lefilm\/un-film-independant\/","og_locale":"fr_FR","og_type":"article","og_title":"Les coulisses du film - Lucie, Apr\u00e8s moi le d\u00e9luge \/\/ Site Officiel","og_description":"[vc_row][vc_column width=\u00a0\u00bb2\/3&Prime;][vc_column_text] Un film ind\u00e9pendant, r\u00e9alis\u00e9 avec le coeur ! Je suis r\u00e9alisatrice et j\u2019ai toujours r\u00eav\u00e9 de faire un portrait...","og_url":"https:\/\/www.cinedia.fr\/lucie-lefilm\/un-film-independant\/","og_site_name":"Lucie, Apr\u00e8s moi le d\u00e9luge \/\/ Site Officiel","article_modified_time":"2021-05-03T13:00:18+00:00","og_image":[{"url":"https:\/\/www.cinedia.fr\/lucie-lefilm\/wp-content\/uploads\/2019\/03\/Sophie-Loridon-e1551949039804.png","type":"","width":"","height":""}],"twitter_card":"summary_large_image","twitter_misc":{"Dur\u00e9e de lecture estim\u00e9e":"7 minutes"},"schema":{"@context":"https:\/\/schema.org","@graph":[{"@type":"WebPage","@id":"https:\/\/www.cinedia.fr\/lucie-lefilm\/un-film-independant\/","url":"https:\/\/www.cinedia.fr\/lucie-lefilm\/un-film-independant\/","name":"Les coulisses du film - Lucie, Apr\u00e8s moi le d\u00e9luge \/\/ Site Officiel","isPartOf":{"@id":"https:\/\/www.cinedia.fr\/lucie-lefilm\/#website"},"primaryImageOfPage":{"@id":"https:\/\/www.cinedia.fr\/lucie-lefilm\/un-film-independant\/#primaryimage"},"image":{"@id":"https:\/\/www.cinedia.fr\/lucie-lefilm\/un-film-independant\/#primaryimage"},"thumbnailUrl":"https:\/\/www.cinedia.fr\/lucie-lefilm\/wp-content\/uploads\/2019\/03\/Sophie-Loridon-e1551949039804.png","datePublished":"2019-03-07T10:45:38+00:00","dateModified":"2021-05-03T13:00:18+00:00","breadcrumb":{"@id":"https:\/\/www.cinedia.fr\/lucie-lefilm\/un-film-independant\/#breadcrumb"},"inLanguage":"fr-FR","potentialAction":[{"@type":"ReadAction","target":["https:\/\/www.cinedia.fr\/lucie-lefilm\/un-film-independant\/"]}]},{"@type":"ImageObject","inLanguage":"fr-FR","@id":"https:\/\/www.cinedia.fr\/lucie-lefilm\/un-film-independant\/#primaryimage","url":"https:\/\/www.cinedia.fr\/lucie-lefilm\/wp-content\/uploads\/2019\/03\/Sophie-Loridon-e1551949039804.png","contentUrl":"https:\/\/www.cinedia.fr\/lucie-lefilm\/wp-content\/uploads\/2019\/03\/Sophie-Loridon-e1551949039804.png","width":200,"height":123},{"@type":"BreadcrumbList","@id":"https:\/\/www.cinedia.fr\/lucie-lefilm\/un-film-independant\/#breadcrumb","itemListElement":[{"@type":"ListItem","position":1,"name":"Accueil","item":"https:\/\/www.cinedia.fr\/lucie-lefilm\/"},{"@type":"ListItem","position":2,"name":"Les coulisses du film"}]},{"@type":"WebSite","@id":"https:\/\/www.cinedia.fr\/lucie-lefilm\/#website","url":"https:\/\/www.cinedia.fr\/lucie-lefilm\/","name":"Lucie, Apr\u00e8s moi le d\u00e9luge \/\/ Site Officiel","description":"Le site officiel du film documentaire de Sophie Loridon sorti en 2019.","potentialAction":[{"@type":"SearchAction","target":{"@type":"EntryPoint","urlTemplate":"https:\/\/www.cinedia.fr\/lucie-lefilm\/?s={search_term_string}"},"query-input":{"@type":"PropertyValueSpecification","valueRequired":true,"valueName":"search_term_string"}}],"inLanguage":"fr-FR"}]}},"_links":{"self":[{"href":"https:\/\/www.cinedia.fr\/lucie-lefilm\/wp-json\/wp\/v2\/pages\/1784","targetHints":{"allow":["GET"]}}],"collection":[{"href":"https:\/\/www.cinedia.fr\/lucie-lefilm\/wp-json\/wp\/v2\/pages"}],"about":[{"href":"https:\/\/www.cinedia.fr\/lucie-lefilm\/wp-json\/wp\/v2\/types\/page"}],"author":[{"embeddable":true,"href":"https:\/\/www.cinedia.fr\/lucie-lefilm\/wp-json\/wp\/v2\/users\/1"}],"replies":[{"embeddable":true,"href":"https:\/\/www.cinedia.fr\/lucie-lefilm\/wp-json\/wp\/v2\/comments?post=1784"}],"version-history":[{"count":75,"href":"https:\/\/www.cinedia.fr\/lucie-lefilm\/wp-json\/wp\/v2\/pages\/1784\/revisions"}],"predecessor-version":[{"id":2926,"href":"https:\/\/www.cinedia.fr\/lucie-lefilm\/wp-json\/wp\/v2\/pages\/1784\/revisions\/2926"}],"wp:attachment":[{"href":"https:\/\/www.cinedia.fr\/lucie-lefilm\/wp-json\/wp\/v2\/media?parent=1784"}],"curies":[{"name":"wp","href":"https:\/\/api.w.org\/{rel}","templated":true}]}}