{"id":2659,"date":"2019-10-28T20:38:16","date_gmt":"2019-10-28T20:38:16","guid":{"rendered":"https:\/\/www.cinedia.fr\/lucie-lefilm\/?page_id=2659"},"modified":"2025-12-12T14:14:27","modified_gmt":"2025-12-12T14:14:27","slug":"distribution","status":"publish","type":"page","link":"https:\/\/www.cinedia.fr\/lucie-lefilm\/distribution\/","title":{"rendered":"Espace Pro : m\u00e9dias et cin\u00e9mas"},"content":{"rendered":"<div class=\"wpb-content-wrapper\"><p>[vc_row][vc_column width=\u00a0\u00bb1\/2&Prime;][vc_row_inner][vc_column_inner][vc_column_text]<\/p>\n<h3>Informations techniques<\/h3>\n<p><strong>R\u00e9alisation :<\/strong> Sophie Loridon<br \/>\n<strong>Musique originale :<\/strong> Hugues Laurent<br \/>\n<strong>Chef op\u00e9rateur :<\/strong> Sandro Lucerna<br \/>\n<strong>Distributeur :<\/strong> CINEDIA n\u00b0 4764<\/p>\n<p><strong>Contact distributeur :<\/strong> cinedia.fr<\/p>\n<p><strong>N\u00b0 Visa d&rsquo;exploitation :<\/strong> 149124<br \/>\n<strong>Conditions:\u00a0<\/strong> 50\/50<br \/>\n<strong>Genre :<\/strong> documentaire de cr\u00e9ation<\/p>\n<p><strong>Dur\u00e9e :<\/strong> 58 min<br \/>\n<strong>Support :<\/strong> DCP<br \/>\n<strong>Sortie nationale :<\/strong> 5 juin 2019<br \/>\n<strong><br \/>\nSite internet :<\/strong> <a href=\"https:\/\/www.cinedia.fr\/lucie\">www.cinedia.fr\/lucie<\/a><\/p>\n<p><strong>Film recommand\u00e9 AFCAE<br \/>\n<\/strong><strong>ARTS &amp; ESSAI<\/strong><\/p>\n<p><img loading=\"lazy\" decoding=\"async\" class=\"alignleft wp-image-2623\" src=\"https:\/\/www.cinedia.fr\/lucie-lefilm\/wp-content\/uploads\/2019\/10\/AFCAE-300x182.jpg\" alt=\"\" width=\"150\" height=\"91\" srcset=\"https:\/\/www.cinedia.fr\/lucie-lefilm\/wp-content\/uploads\/2019\/10\/AFCAE-300x182.jpg 300w, https:\/\/www.cinedia.fr\/lucie-lefilm\/wp-content\/uploads\/2019\/10\/AFCAE.jpg 510w\" sizes=\"auto, (max-width: 150px) 100vw, 150px\" \/><\/p>\n<p>&nbsp;<\/p>\n<p>[\/vc_column_text][\/vc_column_inner][\/vc_row_inner][\/vc_column][vc_column width=\u00a0\u00bb1\/2&Prime;][vc_column_text]Pour commander les affiches du film, merci de remplir ce formulaire de commande ci-dessous. <strong>Formats disponibles : A2, A3, A4<\/strong>[\/vc_column_text]\n<div class=\"wpcf7 no-js\" id=\"wpcf7-f2675-o1\" lang=\"en-US\" dir=\"ltr\" data-wpcf7-id=\"2675\">\n<div class=\"screen-reader-response\"><p role=\"status\" aria-live=\"polite\" aria-atomic=\"true\"><\/p> <ul><\/ul><\/div>\n<form action=\"\/lucie-lefilm\/wp-json\/wp\/v2\/pages\/2659#wpcf7-f2675-o1\" method=\"post\" class=\"wpcf7-form init\" aria-label=\"Contact form\" novalidate=\"novalidate\" data-status=\"init\">\n<fieldset class=\"hidden-fields-container\"><input type=\"hidden\" name=\"_wpcf7\" value=\"2675\" \/><input type=\"hidden\" name=\"_wpcf7_version\" value=\"6.1.5\" \/><input type=\"hidden\" name=\"_wpcf7_locale\" value=\"en_US\" \/><input type=\"hidden\" name=\"_wpcf7_unit_tag\" value=\"wpcf7-f2675-o1\" \/><input type=\"hidden\" name=\"_wpcf7_container_post\" value=\"0\" \/><input type=\"hidden\" name=\"_wpcf7_posted_data_hash\" value=\"\" \/>\n<\/fieldset>\n<p><span class=\"wpcf7-form-control-wrap\" data-name=\"your-name\"><input size=\"40\" maxlength=\"400\" class=\"wpcf7-form-control wpcf7-text wpcf7-validates-as-required\" aria-required=\"true\" aria-invalid=\"false\" placeholder=\"Votre nom et adresse\" value=\"\" type=\"text\" name=\"your-name\" \/><\/span><span class=\"wpcf7-form-control-wrap\" data-name=\"your-email\"><input size=\"40\" maxlength=\"400\" class=\"wpcf7-form-control wpcf7-email wpcf7-validates-as-required wpcf7-text wpcf7-validates-as-email\" aria-required=\"true\" aria-invalid=\"false\" placeholder=\"Votre Email\" value=\"\" type=\"email\" name=\"your-email\" \/><\/span><span class=\"wpcf7-form-control-wrap\" data-name=\"your-message\"><textarea cols=\"40\" rows=\"10\" maxlength=\"2000\" class=\"wpcf7-form-control wpcf7-textarea wpcf7-validates-as-required gg-black\" aria-required=\"true\" aria-invalid=\"false\" placeholder=\"Votre besoin en affiches\" name=\"your-message\"><\/textarea><\/span><input class=\"wpcf7-form-control wpcf7-submit has-spinner\" type=\"submit\" value=\"Envoyer\" \/>\n<\/p><div class=\"wpcf7-response-output\" aria-hidden=\"true\"><\/div>\n<\/form>\n<\/div>\n[vc_separator][vc_btn title=\u00a0\u00bbKit pour impression : Affiches, articles et photos\u00a0\u00bb color=\u00a0\u00bbinfo\u00a0\u00bb size=\u00a0\u00bblg\u00a0\u00bb i_icon_fontawesome=\u00a0\u00bbfa fa-print\u00a0\u00bb add_icon=\u00a0\u00bbtrue\u00a0\u00bb link=\u00a0\u00bburl:https%3A%2F%2Fdrive.google.com%2Fdrive%2Ffolders%2F18qYpw7e86icW8a2V5DiS5gxk6RFXSEpQ|title:Kit%20Impression|target:%20_blank|rel:nofollow\u00a0\u00bb][vc_btn title=\u00a0\u00bbKit pour le web : Affiches et photos\u00a0\u00bb color=\u00a0\u00bbinfo\u00a0\u00bb size=\u00a0\u00bblg\u00a0\u00bb i_icon_fontawesome=\u00a0\u00bbfa fa-desktop\u00a0\u00bb add_icon=\u00a0\u00bbtrue\u00a0\u00bb link=\u00a0\u00bburl:https%3A%2F%2Fdrive.google.com%2Fdrive%2Ffolders%2F1YK6uQHdsEkxUDFuc6ApsTMZ1Bgbp4Wjd|title:Kit%20Impression|target:%20_blank|rel:nofollow\u00a0\u00bb][vc_btn title=\u00a0\u00bbArticle T\u00e9l\u00e9rama pour devanture\u00a0\u00bb color=\u00a0\u00bbinfo\u00a0\u00bb size=\u00a0\u00bblg\u00a0\u00bb i_icon_fontawesome=\u00a0\u00bbfa fa-file-text-o\u00a0\u00bb add_icon=\u00a0\u00bbtrue\u00a0\u00bb link=\u00a0\u00bburl:https%3A%2F%2Fdrive.google.com%2Fdrive%2Ffolders%2F1smZ1J5lGsLTaGlgM3c4-E6M1eG1OS3jz|title:Kit%20Impression|target:%20_blank|rel:nofollow\u00a0\u00bb][vc_btn title=\u00a0\u00bbPhotos de tournage\u00a0\u00bb color=\u00a0\u00bbinfo\u00a0\u00bb size=\u00a0\u00bblg\u00a0\u00bb i_icon_fontawesome=\u00a0\u00bbfa fa-camera\u00a0\u00bb add_icon=\u00a0\u00bbtrue\u00a0\u00bb link=\u00a0\u00bburl:https%3A%2F%2Fdrive.google.com%2Fdrive%2Ffolders%2F1JnD5qwFYa-e7YP4fJUp3dgHOhW1IF6_P|title:Kit%20Impression|target:%20_blank|rel:nofollow\u00a0\u00bb][vc_separator][vc_btn title=\u00a0\u00bbDossier de presse\u00a0\u00bb color=\u00a0\u00bbinfo\u00a0\u00bb size=\u00a0\u00bblg\u00a0\u00bb i_icon_fontawesome=\u00a0\u00bbfa fa-file\u00a0\u00bb add_icon=\u00a0\u00bbtrue\u00a0\u00bb link=\u00a0\u00bburl:https%3A%2F%2Fdrive.google.com%2Fdrive%2Fu%2F0%2Ffolders%2F1D6zFMihUdObNcfvllEH0BxmTh6PzqgcQ|title:Dossier%20de%20presse|target:%20_blank|rel:nofollow\u00a0\u00bb][vc_separator][vc_video link=\u00a0\u00bbhttps:\/\/vimeo.com\/298177311&Prime; align=\u00a0\u00bbcenter\u00a0\u00bb title=\u00a0\u00bbBande Annonce officielle\u00a0\u00bb][vc_column_text]<a href=\"https:\/\/vimeo.com\/298177311\">vimeo.com\/298177311<\/a>[\/vc_column_text][vc_btn title=\u00a0\u00bbT\u00e9l\u00e9charger le DCP de la bande annonce\u00a0\u00bb color=\u00a0\u00bbinfo\u00a0\u00bb size=\u00a0\u00bblg\u00a0\u00bb i_icon_fontawesome=\u00a0\u00bbfa fa-video-camera\u00a0\u00bb add_icon=\u00a0\u00bbtrue\u00a0\u00bb link=\u00a0\u00bburl:https%3A%2F%2Fwe.tl%2Ft-D63OlmnOWV|title:Dossier%20de%20presse|target:%20_blank|rel:nofollow\u00a0\u00bb][vc_btn title=\u00a0\u00bbT\u00e9l\u00e9charger la bande annonce sur Vimeo\u00a0\u00bb color=\u00a0\u00bbinfo\u00a0\u00bb size=\u00a0\u00bblg\u00a0\u00bb i_icon_fontawesome=\u00a0\u00bbfa fa-video-camera\u00a0\u00bb add_icon=\u00a0\u00bbtrue\u00a0\u00bb link=\u00a0\u00bburl:https%3A%2F%2Fvimeo.com%2F298177311|title:Dossier%20de%20presse|target:%20_blank|rel:nofollow\u00a0\u00bb][\/vc_column][\/vc_row]<\/p>\n<\/div>","protected":false},"excerpt":{"rendered":"<p>[vc_row][vc_column width=\u00a0\u00bb1\/2&Prime;][vc_row_inner][vc_column_inner][vc_column_text] Informations techniques R\u00e9alisation : Sophie Loridon Musique originale : Hugues Laurent Chef op\u00e9rateur : Sandro Lucerna Distributeur : CINEDIA&#8230;<\/p>\n","protected":false},"author":1,"featured_media":0,"parent":0,"menu_order":0,"comment_status":"closed","ping_status":"closed","template":"","meta":{"footnotes":""},"class_list":["post-2659","page","type-page","status-publish","hentry"],"yoast_head":"<!-- This site is optimized with the Yoast SEO plugin v27.5 - https:\/\/yoast.com\/product\/yoast-seo-wordpress\/ -->\n<title>Espace Pro : m\u00e9dias et cin\u00e9mas - Lucie, Apr\u00e8s moi le d\u00e9luge \/\/ Site Officiel<\/title>\n<meta name=\"robots\" content=\"index, follow, max-snippet:-1, max-image-preview:large, max-video-preview:-1\" \/>\n<link rel=\"canonical\" href=\"https:\/\/www.cinedia.fr\/lucie-lefilm\/distribution\/\" \/>\n<meta property=\"og:locale\" content=\"fr_FR\" \/>\n<meta property=\"og:type\" content=\"article\" \/>\n<meta property=\"og:title\" content=\"Espace Pro : m\u00e9dias et cin\u00e9mas - Lucie, Apr\u00e8s moi le d\u00e9luge \/\/ Site Officiel\" \/>\n<meta property=\"og:description\" content=\"[vc_row][vc_column width=\u00a0\u00bb1\/2&Prime;][vc_row_inner][vc_column_inner][vc_column_text] Informations techniques R\u00e9alisation : Sophie Loridon Musique originale : Hugues Laurent Chef op\u00e9rateur : Sandro Lucerna Distributeur : CINEDIA...\" \/>\n<meta property=\"og:url\" content=\"https:\/\/www.cinedia.fr\/lucie-lefilm\/distribution\/\" \/>\n<meta property=\"og:site_name\" content=\"Lucie, Apr\u00e8s moi le d\u00e9luge \/\/ Site Officiel\" \/>\n<meta property=\"article:modified_time\" content=\"2025-12-12T14:14:27+00:00\" \/>\n<meta property=\"og:image\" content=\"https:\/\/www.cinedia.fr\/lucie-lefilm\/wp-content\/uploads\/2019\/10\/AFCAE.jpg\" \/>\n\t<meta property=\"og:image:width\" content=\"510\" \/>\n\t<meta property=\"og:image:height\" content=\"310\" \/>\n\t<meta property=\"og:image:type\" content=\"image\/jpeg\" \/>\n<meta name=\"twitter:card\" content=\"summary_large_image\" \/>\n<meta name=\"twitter:label1\" content=\"Dur\u00e9e de lecture estim\u00e9e\" \/>\n\t<meta name=\"twitter:data1\" content=\"2 minutes\" \/>\n<script type=\"application\/ld+json\" class=\"yoast-schema-graph\">{\"@context\":\"https:\\\/\\\/schema.org\",\"@graph\":[{\"@type\":\"WebPage\",\"@id\":\"https:\\\/\\\/www.cinedia.fr\\\/lucie-lefilm\\\/distribution\\\/\",\"url\":\"https:\\\/\\\/www.cinedia.fr\\\/lucie-lefilm\\\/distribution\\\/\",\"name\":\"Espace Pro : m\u00e9dias et cin\u00e9mas - Lucie, Apr\u00e8s moi le d\u00e9luge \\\/\\\/ Site Officiel\",\"isPartOf\":{\"@id\":\"https:\\\/\\\/www.cinedia.fr\\\/lucie-lefilm\\\/#website\"},\"primaryImageOfPage\":{\"@id\":\"https:\\\/\\\/www.cinedia.fr\\\/lucie-lefilm\\\/distribution\\\/#primaryimage\"},\"image\":{\"@id\":\"https:\\\/\\\/www.cinedia.fr\\\/lucie-lefilm\\\/distribution\\\/#primaryimage\"},\"thumbnailUrl\":\"https:\\\/\\\/www.cinedia.fr\\\/lucie-lefilm\\\/wp-content\\\/uploads\\\/2019\\\/10\\\/AFCAE-300x182.jpg\",\"datePublished\":\"2019-10-28T20:38:16+00:00\",\"dateModified\":\"2025-12-12T14:14:27+00:00\",\"breadcrumb\":{\"@id\":\"https:\\\/\\\/www.cinedia.fr\\\/lucie-lefilm\\\/distribution\\\/#breadcrumb\"},\"inLanguage\":\"fr-FR\",\"potentialAction\":[{\"@type\":\"ReadAction\",\"target\":[\"https:\\\/\\\/www.cinedia.fr\\\/lucie-lefilm\\\/distribution\\\/\"]}]},{\"@type\":\"ImageObject\",\"inLanguage\":\"fr-FR\",\"@id\":\"https:\\\/\\\/www.cinedia.fr\\\/lucie-lefilm\\\/distribution\\\/#primaryimage\",\"url\":\"https:\\\/\\\/www.cinedia.fr\\\/lucie-lefilm\\\/wp-content\\\/uploads\\\/2019\\\/10\\\/AFCAE.jpg\",\"contentUrl\":\"https:\\\/\\\/www.cinedia.fr\\\/lucie-lefilm\\\/wp-content\\\/uploads\\\/2019\\\/10\\\/AFCAE.jpg\",\"width\":510,\"height\":310},{\"@type\":\"BreadcrumbList\",\"@id\":\"https:\\\/\\\/www.cinedia.fr\\\/lucie-lefilm\\\/distribution\\\/#breadcrumb\",\"itemListElement\":[{\"@type\":\"ListItem\",\"position\":1,\"name\":\"Accueil\",\"item\":\"https:\\\/\\\/www.cinedia.fr\\\/lucie-lefilm\\\/\"},{\"@type\":\"ListItem\",\"position\":2,\"name\":\"Espace Pro : m\u00e9dias et cin\u00e9mas\"}]},{\"@type\":\"WebSite\",\"@id\":\"https:\\\/\\\/www.cinedia.fr\\\/lucie-lefilm\\\/#website\",\"url\":\"https:\\\/\\\/www.cinedia.fr\\\/lucie-lefilm\\\/\",\"name\":\"Lucie, Apr\u00e8s moi le d\u00e9luge \\\/\\\/ Site Officiel\",\"description\":\"Le site officiel du film documentaire de Sophie Loridon sorti en 2019.\",\"potentialAction\":[{\"@type\":\"SearchAction\",\"target\":{\"@type\":\"EntryPoint\",\"urlTemplate\":\"https:\\\/\\\/www.cinedia.fr\\\/lucie-lefilm\\\/?s={search_term_string}\"},\"query-input\":{\"@type\":\"PropertyValueSpecification\",\"valueRequired\":true,\"valueName\":\"search_term_string\"}}],\"inLanguage\":\"fr-FR\"}]}<\/script>\n<!-- \/ Yoast SEO plugin. -->","yoast_head_json":{"title":"Espace Pro : m\u00e9dias et cin\u00e9mas - Lucie, Apr\u00e8s moi le d\u00e9luge \/\/ Site Officiel","robots":{"index":"index","follow":"follow","max-snippet":"max-snippet:-1","max-image-preview":"max-image-preview:large","max-video-preview":"max-video-preview:-1"},"canonical":"https:\/\/www.cinedia.fr\/lucie-lefilm\/distribution\/","og_locale":"fr_FR","og_type":"article","og_title":"Espace Pro : m\u00e9dias et cin\u00e9mas - Lucie, Apr\u00e8s moi le d\u00e9luge \/\/ Site Officiel","og_description":"[vc_row][vc_column width=\u00a0\u00bb1\/2&Prime;][vc_row_inner][vc_column_inner][vc_column_text] Informations techniques R\u00e9alisation : Sophie Loridon Musique originale : Hugues Laurent Chef op\u00e9rateur : Sandro Lucerna Distributeur : CINEDIA...","og_url":"https:\/\/www.cinedia.fr\/lucie-lefilm\/distribution\/","og_site_name":"Lucie, Apr\u00e8s moi le d\u00e9luge \/\/ Site Officiel","article_modified_time":"2025-12-12T14:14:27+00:00","og_image":[{"width":510,"height":310,"url":"https:\/\/www.cinedia.fr\/lucie-lefilm\/wp-content\/uploads\/2019\/10\/AFCAE.jpg","type":"image\/jpeg"}],"twitter_card":"summary_large_image","twitter_misc":{"Dur\u00e9e de lecture estim\u00e9e":"2 minutes"},"schema":{"@context":"https:\/\/schema.org","@graph":[{"@type":"WebPage","@id":"https:\/\/www.cinedia.fr\/lucie-lefilm\/distribution\/","url":"https:\/\/www.cinedia.fr\/lucie-lefilm\/distribution\/","name":"Espace Pro : m\u00e9dias et cin\u00e9mas - Lucie, Apr\u00e8s moi le d\u00e9luge \/\/ Site Officiel","isPartOf":{"@id":"https:\/\/www.cinedia.fr\/lucie-lefilm\/#website"},"primaryImageOfPage":{"@id":"https:\/\/www.cinedia.fr\/lucie-lefilm\/distribution\/#primaryimage"},"image":{"@id":"https:\/\/www.cinedia.fr\/lucie-lefilm\/distribution\/#primaryimage"},"thumbnailUrl":"https:\/\/www.cinedia.fr\/lucie-lefilm\/wp-content\/uploads\/2019\/10\/AFCAE-300x182.jpg","datePublished":"2019-10-28T20:38:16+00:00","dateModified":"2025-12-12T14:14:27+00:00","breadcrumb":{"@id":"https:\/\/www.cinedia.fr\/lucie-lefilm\/distribution\/#breadcrumb"},"inLanguage":"fr-FR","potentialAction":[{"@type":"ReadAction","target":["https:\/\/www.cinedia.fr\/lucie-lefilm\/distribution\/"]}]},{"@type":"ImageObject","inLanguage":"fr-FR","@id":"https:\/\/www.cinedia.fr\/lucie-lefilm\/distribution\/#primaryimage","url":"https:\/\/www.cinedia.fr\/lucie-lefilm\/wp-content\/uploads\/2019\/10\/AFCAE.jpg","contentUrl":"https:\/\/www.cinedia.fr\/lucie-lefilm\/wp-content\/uploads\/2019\/10\/AFCAE.jpg","width":510,"height":310},{"@type":"BreadcrumbList","@id":"https:\/\/www.cinedia.fr\/lucie-lefilm\/distribution\/#breadcrumb","itemListElement":[{"@type":"ListItem","position":1,"name":"Accueil","item":"https:\/\/www.cinedia.fr\/lucie-lefilm\/"},{"@type":"ListItem","position":2,"name":"Espace Pro : m\u00e9dias et cin\u00e9mas"}]},{"@type":"WebSite","@id":"https:\/\/www.cinedia.fr\/lucie-lefilm\/#website","url":"https:\/\/www.cinedia.fr\/lucie-lefilm\/","name":"Lucie, Apr\u00e8s moi le d\u00e9luge \/\/ Site Officiel","description":"Le site officiel du film documentaire de Sophie Loridon sorti en 2019.","potentialAction":[{"@type":"SearchAction","target":{"@type":"EntryPoint","urlTemplate":"https:\/\/www.cinedia.fr\/lucie-lefilm\/?s={search_term_string}"},"query-input":{"@type":"PropertyValueSpecification","valueRequired":true,"valueName":"search_term_string"}}],"inLanguage":"fr-FR"}]}},"_links":{"self":[{"href":"https:\/\/www.cinedia.fr\/lucie-lefilm\/wp-json\/wp\/v2\/pages\/2659","targetHints":{"allow":["GET"]}}],"collection":[{"href":"https:\/\/www.cinedia.fr\/lucie-lefilm\/wp-json\/wp\/v2\/pages"}],"about":[{"href":"https:\/\/www.cinedia.fr\/lucie-lefilm\/wp-json\/wp\/v2\/types\/page"}],"author":[{"embeddable":true,"href":"https:\/\/www.cinedia.fr\/lucie-lefilm\/wp-json\/wp\/v2\/users\/1"}],"replies":[{"embeddable":true,"href":"https:\/\/www.cinedia.fr\/lucie-lefilm\/wp-json\/wp\/v2\/comments?post=2659"}],"version-history":[{"count":33,"href":"https:\/\/www.cinedia.fr\/lucie-lefilm\/wp-json\/wp\/v2\/pages\/2659\/revisions"}],"predecessor-version":[{"id":2977,"href":"https:\/\/www.cinedia.fr\/lucie-lefilm\/wp-json\/wp\/v2\/pages\/2659\/revisions\/2977"}],"wp:attachment":[{"href":"https:\/\/www.cinedia.fr\/lucie-lefilm\/wp-json\/wp\/v2\/media?parent=2659"}],"curies":[{"name":"wp","href":"https:\/\/api.w.org\/{rel}","templated":true}]}}