{"id":462,"date":"2015-07-06T16:22:27","date_gmt":"2015-07-06T15:22:27","guid":{"rendered":"http:\/\/tommusrhodus.wpengine.com\/?page_id=462"},"modified":"2026-03-02T08:12:15","modified_gmt":"2026-03-02T08:12:15","slug":"adventure-travel","status":"publish","type":"page","link":"https:\/\/www.cinedia.fr\/lucie-lefilm\/","title":{"rendered":"Accueil OK"},"content":{"rendered":"<div class=\"wpb-content-wrapper\"><p>[vc_row full_width=\u00a0\u00bbstretch_row\u00a0\u00bb][vc_column]\n\t\t\t<section class=\"cover fullscreen image-slider slider-arrow-controls controls-inside parallax hero-header\">\n\t\t\t    <ul class=\"slides\">\n\t\t\t        <li class=\"overlay image-bg\">\n\t\t\t            <div class=\"background-image-holder\">\n\t\t\t                <img loading=\"lazy\" decoding=\"async\" width=\"1200\" height=\"800\" src=\"https:\/\/www.cinedia.fr\/lucie-lefilm\/wp-content\/uploads\/2019\/03\/Mai-09.143.jpg\" class=\"background-image\" alt=\"\" srcset=\"https:\/\/www.cinedia.fr\/lucie-lefilm\/wp-content\/uploads\/2019\/03\/Mai-09.143.jpg 1200w, https:\/\/www.cinedia.fr\/lucie-lefilm\/wp-content\/uploads\/2019\/03\/Mai-09.143-300x200.jpg 300w, https:\/\/www.cinedia.fr\/lucie-lefilm\/wp-content\/uploads\/2019\/03\/Mai-09.143-768x512.jpg 768w, https:\/\/www.cinedia.fr\/lucie-lefilm\/wp-content\/uploads\/2019\/03\/Mai-09.143-1024x683.jpg 1024w, https:\/\/www.cinedia.fr\/lucie-lefilm\/wp-content\/uploads\/2019\/03\/Mai-09.143-600x400.jpg 600w\" sizes=\"auto, (max-width: 1200px) 100vw, 1200px\" \/>\n\t\t\t            <\/div>\n\t\t\t            <div class=\"container v-align-transform\">\n\t\t\t                <div class=\"row\">\n\t\t\t                    <div class=\"col-md-6 col-sm-12\">\n\t\t\t                        <\/p>\n<h3 class=\"uppercase\"><a class=\"btn btn-lg btn-white mb0\" href=\"https:\/\/www.cinedia.fr\/lucie-lefilm\/dvd\/\">VOIR LE FILM EN VOD<\/a><\/h3>\n<p><img loading=\"lazy\" decoding=\"async\" class=\"alignnone wp-image-1469 size-full\" src=\"https:\/\/www.cinedia.fr\/lucie-lefilm\/wp-content\/uploads\/2019\/03\/Lucie-film.png\" alt=\"\" width=\"909\" height=\"341\" srcset=\"https:\/\/www.cinedia.fr\/lucie-lefilm\/wp-content\/uploads\/2019\/03\/Lucie-film.png 909w, https:\/\/www.cinedia.fr\/lucie-lefilm\/wp-content\/uploads\/2019\/03\/Lucie-film-300x113.png 300w, https:\/\/www.cinedia.fr\/lucie-lefilm\/wp-content\/uploads\/2019\/03\/Lucie-film-768x288.png 768w\" sizes=\"auto, (max-width: 909px) 100vw, 909px\" \/><\/p>\n<h5 class=\"uppercase\">Un film de\u00a0Sophie Loridon<br \/>\nMis en image par Sandro Lucerna<br \/>\nBande Originale Hugues Laurent<\/h5>\n<div class=\"modal-video-container\">\n\t\t\t                            <div class=\"play-button inline\"><\/div>\n\t\t\t                            <div class=\"modal-video\">\n\t\t\t                                <i class=\"ti-close close-iframe\"><\/i>\n\t\t\t                                <iframe loading=\"lazy\" title=\"Lucie, Apre\u0300s Moi Le De\u0301luge \/\/ Bande Annonce officielle\" width=\"1170\" height=\"658\" src=\"https:\/\/www.youtube.com\/embed\/yG9DrgaBjHY?feature=oembed\" frameborder=\"0\" allow=\"accelerometer; autoplay; clipboard-write; encrypted-media; gyroscope; picture-in-picture; web-share\" referrerpolicy=\"strict-origin-when-cross-origin\" allowfullscreen><\/iframe>\n\t\t\t                            <\/div>\n\t\t\t                        <\/div>\n\t\t\t                    <\/div>\n\t\t\t                <\/div>\n\t\t\t            <\/div>\n\t\t\t        <\/li>\n\t\t\t    <\/ul>\n\t\t\t<\/section>\n\t\t[\/vc_column][\/vc_row][vc_row css=\u00a0\u00bb.vc_custom_1551949736998{background-color: #000000 !important;}\u00a0\u00bb][vc_column width=\u00a0\u00bb1\/6&Prime;][\/vc_column][vc_column width=\u00a0\u00bb2\/3&Prime;][vc_video link=\u00a0\u00bbhttps:\/\/youtu.be\/yG9DrgaBjHY\u00a0\u00bb][vc_column_text css=\u00a0\u00bb\u00a0\u00bb]<img loading=\"lazy\" decoding=\"async\" class=\"wp-image-2623 aligncenter\" src=\"https:\/\/www.cinedia.fr\/lucie-lefilm\/wp-content\/uploads\/2019\/10\/AFCAE-300x182.jpg\" alt=\"\" width=\"200\" height=\"122\" srcset=\"https:\/\/www.cinedia.fr\/lucie-lefilm\/wp-content\/uploads\/2019\/10\/AFCAE-300x182.jpg 300w, https:\/\/www.cinedia.fr\/lucie-lefilm\/wp-content\/uploads\/2019\/10\/AFCAE.jpg 510w\" sizes=\"auto, (max-width: 200px) 100vw, 200px\" \/><img loading=\"lazy\" decoding=\"async\" class=\"aligncenter wp-image-2903 size-thumbnail\" src=\"https:\/\/www.cinedia.fr\/lucie-lefilm\/wp-content\/uploads\/2020\/07\/FFF-150x150.png\" alt=\"\" width=\"150\" height=\"150\" srcset=\"https:\/\/www.cinedia.fr\/lucie-lefilm\/wp-content\/uploads\/2020\/07\/FFF-150x150.png 150w, https:\/\/www.cinedia.fr\/lucie-lefilm\/wp-content\/uploads\/2020\/07\/FFF-60x60.png 60w, https:\/\/www.cinedia.fr\/lucie-lefilm\/wp-content\/uploads\/2020\/07\/FFF.png 225w\" sizes=\"auto, (max-width: 150px) 100vw, 150px\" \/><\/p>\n<p><img loading=\"lazy\" decoding=\"async\" class=\"aligncenter size-full wp-image-2802\" src=\"https:\/\/www.cinedia.fr\/lucie-lefilm\/wp-content\/uploads\/2019\/11\/Festivals-1.png\" alt=\"\" width=\"696\" height=\"360\" srcset=\"https:\/\/www.cinedia.fr\/lucie-lefilm\/wp-content\/uploads\/2019\/11\/Festivals-1.png 696w, https:\/\/www.cinedia.fr\/lucie-lefilm\/wp-content\/uploads\/2019\/11\/Festivals-1-300x155.png 300w\" sizes=\"auto, (max-width: 696px) 100vw, 696px\" \/>[\/vc_column_text][\/vc_column][vc_column width=\u00a0\u00bb1\/6&Prime;][\/vc_column][\/vc_row][vc_row][vc_column width=\u00a0\u00bb1\/2&Prime;][vc_column_text css=\u00a0\u00bb\u00a0\u00bb]<\/p>\n<h3 class=\"uppercase mb40 mb-xs-24\" style=\"text-align: center;\">Ici, rien n\u2019a chang\u00e9&#8230;<\/h3>\n<p class=\"lead mb64\" style=\"text-align: left;\">Entrer chez Lucie, c\u2019est comme un retour vers le pass\u00e9. Depuis toujours, j\u2019ai r\u00eav\u00e9 de partager en images la vie de cette cousine \u00e9loign\u00e9e. Cette paysanne du haut plateau d\u2019Ard\u00e8che a construit sa vie autour du travail et de la nature environnante. Durant un an, au fil des saisons, nous allons \u00e0 sa rencontre avec une cam\u00e9ra.&nbsp;Gr\u00e2ce \u00e0 la complicit\u00e9 qui me lie \u00e0 Lucie, aux nombreuses visites qu\u2019elle re\u00e7oit, \u00e0 son sens de l\u2019humour conjugu\u00e9 au bon sens, nous sommes transport\u00e9s dans un univers fait de simplicit\u00e9\u2026&nbsp;Nous ramenant \u00e0 l\u2019essentiel.<\/p>\n<p class=\"lead mb64\" style=\"text-align: center;\"><img loading=\"lazy\" decoding=\"async\" class=\"wp-image-1487 size-full alignleft\" src=\"https:\/\/www.cinedia.fr\/lucie-lefilm\/wp-content\/uploads\/2019\/03\/Sophie-Loridon-e1551949039804.png\" alt=\"\" width=\"200\" height=\"123\"><\/p>\n<p>PS: En 2026 je sors mon nouveau film documentaire, un film qui relie les g\u00e9n\u00e9rations&#8230; QUAND J&rsquo;\u00c9TAIS PETIT-E ! RDV sur le site pour + d&rsquo;infos : <a href=\"https:\/\/quandjetaispetit.fr\/\" target=\"_blank\" rel=\"noopener\">https:\/\/quandjetaispetit.fr\/<\/a>[\/vc_column_text][\/vc_column][vc_column width=\u00a0\u00bb1\/2&Prime;][vc_column_text]<\/p>\n<p style=\"text-align: left;\"><img loading=\"lazy\" decoding=\"async\" class=\"alignleft wp-image-2442 size-medium\" src=\"https:\/\/www.cinedia.fr\/lucie-lefilm\/wp-content\/uploads\/2019\/07\/1907-WEB_AFFICHE_FOURNEAU-225x300.jpg\" alt=\"\" width=\"225\" height=\"300\" srcset=\"https:\/\/www.cinedia.fr\/lucie-lefilm\/wp-content\/uploads\/2019\/07\/1907-WEB_AFFICHE_FOURNEAU-225x300.jpg 225w, https:\/\/www.cinedia.fr\/lucie-lefilm\/wp-content\/uploads\/2019\/07\/1907-WEB_AFFICHE_FOURNEAU-768x1025.jpg 768w, https:\/\/www.cinedia.fr\/lucie-lefilm\/wp-content\/uploads\/2019\/07\/1907-WEB_AFFICHE_FOURNEAU-767x1024.jpg 767w, https:\/\/www.cinedia.fr\/lucie-lefilm\/wp-content\/uploads\/2019\/07\/1907-WEB_AFFICHE_FOURNEAU.jpg 1310w\" sizes=\"auto, (max-width: 225px) 100vw, 225px\" \/><img loading=\"lazy\" decoding=\"async\" class=\"alignnone wp-image-2445 size-medium\" src=\"https:\/\/www.cinedia.fr\/lucie-lefilm\/wp-content\/uploads\/2019\/07\/1907-WEB-Lucie-Poster-ROSEA4-225x300.jpg\" alt=\"\" width=\"225\" height=\"300\" srcset=\"https:\/\/www.cinedia.fr\/lucie-lefilm\/wp-content\/uploads\/2019\/07\/1907-WEB-Lucie-Poster-ROSEA4-225x300.jpg 225w, https:\/\/www.cinedia.fr\/lucie-lefilm\/wp-content\/uploads\/2019\/07\/1907-WEB-Lucie-Poster-ROSEA4-768x1024.jpg 768w\" sizes=\"auto, (max-width: 225px) 100vw, 225px\" \/><\/p>\n<p>[\/vc_column_text][\/vc_column][\/vc_row][vc_row foundry_parallax=\u00a0\u00bbnot-parallax\u00a0\u00bb css=\u00a0\u00bb.vc_custom_1769157646270{background-color: #000000 !important;}\u00a0\u00bb][vc_column width=\u00a0\u00bb1\/2&Prime;][vc_column_text css=\u00a0\u00bb.vc_custom_1769159272471{background-color: #C1BCBC !important;}\u00a0\u00bb]<\/p>\n<h2 class=\"uppercase mb8\" style=\"text-align: center;\">LE FILM<br \/>\nEN CIN\u00c9 CONCERT<\/h2>\n<h4 style=\"text-align: center;\">HUGUES LAURENT, LE COMPOSITEUR,<br \/>\nR\u00c9INTERPR\u00c8TE LA MUSIQUE DU FILM<\/h4>\n<blockquote>\n<h4 style=\"text-align: center;\"><a href=\"https:\/\/www.cinedia.fr\/lucie-lefilm\/distribution\/\"><strong>ORGANISEZ UN CIN\u00c9 CONCERT<\/strong><\/a><br \/>\nDANS UNE SALLE DE SPECTACLE<br \/>\nOU&#8230; DANS VOTRE SALON !<\/h4>\n<\/blockquote>\n<p>[\/vc_column_text][\/vc_column][vc_column width=\u00a0\u00bb1\/2&Prime;][vc_column_text css=\u00a0\u00bb\u00a0\u00bb]<a href=\"https:\/\/vimeo.com\/1156544049\/7eddaac19c\" target=\"_blank\" rel=\"noopener\"><img loading=\"lazy\" decoding=\"async\" class=\"aligncenter wp-image-2997 size-large\" src=\"https:\/\/www.cinedia.fr\/lucie-lefilm\/wp-content\/uploads\/2026\/01\/cine-concert-lucie-play-1024x577.jpg\" alt=\"\" width=\"1024\" height=\"577\" srcset=\"https:\/\/www.cinedia.fr\/lucie-lefilm\/wp-content\/uploads\/2026\/01\/cine-concert-lucie-play-1024x577.jpg 1024w, https:\/\/www.cinedia.fr\/lucie-lefilm\/wp-content\/uploads\/2026\/01\/cine-concert-lucie-play-300x169.jpg 300w, https:\/\/www.cinedia.fr\/lucie-lefilm\/wp-content\/uploads\/2026\/01\/cine-concert-lucie-play-768x433.jpg 768w, https:\/\/www.cinedia.fr\/lucie-lefilm\/wp-content\/uploads\/2026\/01\/cine-concert-lucie-play-1536x866.jpg 1536w, https:\/\/www.cinedia.fr\/lucie-lefilm\/wp-content\/uploads\/2026\/01\/cine-concert-lucie-play.jpg 1558w\" sizes=\"auto, (max-width: 1024px) 100vw, 1024px\" \/><\/a>[\/vc_column_text][\/vc_column][\/vc_row][vc_row css=\u00a0\u00bb.vc_custom_1572207858524{background-image: url(https:\/\/www.cinedia.fr\/lucie-lefilm\/wp-content\/uploads\/2019\/03\/41688313_289800834960169_96054495443681280_o.jpg?id=1814) !important;}\u00a0\u00bb][vc_column][vc_column_text css=\u00a0\u00bb\u00a0\u00bb]<\/p>\n<h2 class=\"uppercase mb8\" style=\"text-align: center;\">LE FILM EST VISIBLE EN VOD !<\/h2>\n<p style=\"text-align: center;\"><a class=\"btn btn-lg btn-white mb0\" href=\"https:\/\/www.cinedia.fr\/lucie-lefilm\/dvd\/\">&gt; VOIR LE FILM EN VOD<\/a><\/p>\n<p>[\/vc_column_text][\/vc_column][\/vc_row][vc_row foundry_background_style=\u00a0\u00bbbg-primary\u00a0\u00bb css=\u00a0\u00bb.vc_custom_1551950376666{background-color: #6796bf !important;}\u00a0\u00bb][vc_column][vc_column_text]<\/p>\n<h2 class=\"uppercase mb8\" style=\"text-align: center;\">LUCIE<\/h2>\n<p class=\"lead mb40\" style=\"text-align: center;\">DANS LA PRESSE<\/p>\n<p style=\"text-align: center;\"><a class=\"btn btn-lg btn-white mb0\" href=\"https:\/\/www.cinedia.fr\/lucie-lefilm\/revue-de-presse\/\">&gt; LA REVUE DE PRESSE DU FILM<\/a><\/p>\n<p>[\/vc_column_text][vc_separator][vc_row_inner][vc_column_inner width=\u00a0\u00bb1\/2&Prime;][vc_gallery type=\u00a0\u00bbimage_grid\u00a0\u00bb images=\u00a0\u00bb2214&Prime; img_size=\u00a0\u00bblarge\u00a0\u00bb][vc_column_text]<\/p>\n<h3>\u201cRiche en \u00e9motions\u201d<\/h3>\n<h4>TELERAMA &#8211; Luc LE CHATELIER<\/h4>\n<p>[\/vc_column_text][vc_separator][vc_column_text]<\/p>\n<h3>\u201cUn plongeon dans une vie d\u2019authenticit\u00e9 et de simplicit\u00e9\u201d<\/h3>\n<h4>France Inter &#8211; Christine Sim\u00e9one<\/h4>\n<p>[\/vc_column_text][vc_separator][vc_column_text]<\/p>\n<h3>\u201cAttachante et bouleversante\u201d<\/h3>\n<h4>France 3 Rh\u00f4ne-Alpes &#8211; Yannick Kusy<\/h4>\n<p>[\/vc_column_text][vc_separator][vc_column_text]<\/p>\n<h3>\u201cUn vrai bonheur de vivre\u201d<\/h3>\n<h4>RCF &#8211; Claude Carrez<\/h4>\n<p>[\/vc_column_text][\/vc_column_inner][vc_column_inner width=\u00a0\u00bb1\/2&Prime;][vc_single_image image=\u00a0\u00bb2467&Prime; img_size=\u00a0\u00bblarge\u00a0\u00bb add_caption=\u00a0\u00bbyes\u00a0\u00bb alignment=\u00a0\u00bbcenter\u00a0\u00bb onclick=\u00a0\u00bbimg_link_large\u00a0\u00bb][vc_separator][vc_video link=\u00a0\u00bbhttps:\/\/vimeo.com\/333357928&Prime;][\/vc_column_inner][\/vc_row_inner][vc_column_inner width=\u00a0\u00bb1\/2&Prime;][\/vc_column_inner][vc_column_inner width=\u00a0\u00bb1\/2&Prime;][\/vc_column_inner][\/vc_column][\/vc_row][vc_row foundry_background_style=\u00a0\u00bbbg-secondary\u00a0\u00bb foundry_vertical_align=\u00a0\u00bbyes\u00a0\u00bb][vc_column][vc_column_text]<\/p>\n<h2 class=\"uppercase mb16\" style=\"text-align: center;\">LUCIE<\/h2>\n<h6 class=\"uppercase\" style=\"text-align: center;\">Une vie laborieuse, humble, mais libre<\/h6>\n<p>[\/vc_column_text][vc_row_inner][vc_column_inner width=\u00a0\u00bb1\/2&Prime;][vc_column_text]<\/p>\n<p class=\"lead mb0\" style=\"text-align: left;\">LUCIE (1916-2010) a travers\u00e9 tout un si\u00e8cle dans une grande simplicit\u00e9, une vie seulement rythm\u00e9e par les saisons et par les multiples travaux de la terre qui les accompagnent.<\/p>\n<p class=\"lead mb0\" style=\"text-align: left;\">Elle a v\u00e9cu, vieilli l\u00e0 ou elle est n\u00e9e, dans cette solide b\u00e2tisse de pierres, au toit de lauzes, \u00e0 la charpente plusieurs fois centenaires. Elle y restera jusqu\u2019au dernier jour de sa vie gr\u00e2ce \u00e0 la solidarit\u00e9 des gens du plateau.<\/p>\n<p class=\"lead mb0\" style=\"text-align: left;\">C\u2019est une vie au naturel qu\u2019elle a choisi, une vie marqu\u00e9e par une grande rusticit\u00e9, beaucoup de sobri\u00e9t\u00e9 et de rudesse ; l\u2019eau claire du bassin \u00e9tait bien froide les mauvais jours et la chaleur du vieux po\u00eale bien l\u00e9g\u00e8re au c\u0153ur de l\u2019hiver. Lucie \u00e9tait visc\u00e9ralement attach\u00e9e \u00e0 sa terre, habit\u00e9e par beaucoup d\u2019humilit\u00e9, anim\u00e9e par la foi du charbonnier.<\/p>\n<p class=\"lead mb0\" style=\"text-align: left;\">Pour Lucie et sa s\u0153ur Vasthie, avec qui elle a v\u00e9cu en symbiose jusqu\u2019en 2002, pas question de modifier l\u2019exploitation familiale. Peu \u00e0 peu le troupeau a disparu, arbres et ronces ont envahit terrasses et prairies. Mais c\u2019est \u00e0 \u201cDieu\u201d qu\u2019elle abandonne leur sort, le laissant d\u00e9cider de ce qu\u2019il adviendra.<\/p>\n<p class=\"lead mb0\" style=\"text-align: left;\">Dans cette vie de labeur, Vasthie et Lucie se sont forg\u00e9es des certitudes. Ins\u00e9parables, elles se sont prot\u00e9g\u00e9es mutuellement du monde ext\u00e9rieur. Lucie a r\u00e9sist\u00e9, sereine au temps et aux artifices de notre \u00e9poque, lucide et pleine de bon sens. Elle a su se satisfaire de l\u2019essentiel.<\/p>\n<p>[\/vc_column_text][\/vc_column_inner][vc_column_inner width=\u00a0\u00bb1\/2&Prime;][vc_gallery type=\u00a0\u00bbimage_grid\u00a0\u00bb images=\u00a0\u00bb37,36,31,30,29,26,25,24,23,18,1842,1923,1924,1925,1929&Prime;][\/vc_column_inner][\/vc_row_inner][\/vc_column][\/vc_row][vc_row foundry_background_style=\u00a0\u00bbbg-primary\u00a0\u00bb][vc_column width=\u00a0\u00bb3\/12&Prime;][\/vc_column][vc_column width=\u00a0\u00bb6\/12&Prime;][vc_column_text]<\/p>\n<h5 class=\"uppercase\" style=\"text-align: center;\">CONTACTEZ L&rsquo;\u00c9QUIPE DU FILM<\/h5>\n<p>[\/vc_column_text]\n<div class=\"wpcf7 no-js\" id=\"wpcf7-f249-o1\" lang=\"en-US\" dir=\"ltr\" data-wpcf7-id=\"249\">\n<div class=\"screen-reader-response\"><p role=\"status\" aria-live=\"polite\" aria-atomic=\"true\"><\/p> <ul><\/ul><\/div>\n<form action=\"\/lucie-lefilm\/wp-json\/wp\/v2\/pages\/462#wpcf7-f249-o1\" method=\"post\" class=\"wpcf7-form init\" aria-label=\"Contact form\" novalidate=\"novalidate\" data-status=\"init\">\n<fieldset class=\"hidden-fields-container\"><input type=\"hidden\" name=\"_wpcf7\" value=\"249\" \/><input type=\"hidden\" name=\"_wpcf7_version\" value=\"6.1.5\" \/><input type=\"hidden\" name=\"_wpcf7_locale\" value=\"en_US\" \/><input type=\"hidden\" name=\"_wpcf7_unit_tag\" value=\"wpcf7-f249-o1\" \/><input type=\"hidden\" name=\"_wpcf7_container_post\" value=\"0\" \/><input type=\"hidden\" name=\"_wpcf7_posted_data_hash\" value=\"\" \/>\n<\/fieldset>\n<p><span class=\"wpcf7-form-control-wrap\" data-name=\"your-name\"><input size=\"40\" maxlength=\"400\" class=\"wpcf7-form-control wpcf7-text wpcf7-validates-as-required\" aria-required=\"true\" aria-invalid=\"false\" placeholder=\"Votre nom\" value=\"\" type=\"text\" name=\"your-name\" \/><\/span><span class=\"wpcf7-form-control-wrap\" data-name=\"your-email\"><input size=\"40\" maxlength=\"400\" class=\"wpcf7-form-control wpcf7-email wpcf7-validates-as-required wpcf7-text wpcf7-validates-as-email\" aria-required=\"true\" aria-invalid=\"false\" placeholder=\"Votre Email\" value=\"\" type=\"email\" name=\"your-email\" \/><\/span><span class=\"wpcf7-form-control-wrap\" data-name=\"your-message\"><textarea cols=\"40\" rows=\"10\" maxlength=\"2000\" class=\"wpcf7-form-control wpcf7-textarea wpcf7-validates-as-required gg-black\" aria-required=\"true\" aria-invalid=\"false\" placeholder=\"Message\" name=\"your-message\"><\/textarea><\/span><input class=\"wpcf7-form-control wpcf7-submit has-spinner\" type=\"submit\" value=\"Envoyer\" \/>\n<\/p><div class=\"wpcf7-response-output\" aria-hidden=\"true\"><\/div>\n<\/form>\n<\/div>\n[vc_column_text][\/vc_column_text][\/vc_column][vc_column width=\u00a0\u00bb3\/12&Prime;][\/vc_column][\/vc_row]<\/p>\n<\/div>","protected":false},"excerpt":{"rendered":"<p>[vc_row full_width=\u00a0\u00bbstretch_row\u00a0\u00bb][vc_column][\/vc_column][\/vc_row][vc_row css=\u00a0\u00bb.vc_custom_1551949736998{background-color: #000000 !important;}\u00a0\u00bb][vc_column width=\u00a0\u00bb1\/6&Prime;][\/vc_column][vc_column width=\u00a0\u00bb2\/3&Prime;][vc_video link=\u00a0\u00bbhttps:\/\/youtu.be\/yG9DrgaBjHY\u00a0\u00bb][vc_column_text css=\u00a0\u00bb\u00a0\u00bb] [\/vc_column_text][\/vc_column][vc_column width=\u00a0\u00bb1\/6&Prime;][\/vc_column][\/vc_row][vc_row][vc_column width=\u00a0\u00bb1\/2&Prime;][vc_column_text css=\u00a0\u00bb\u00a0\u00bb] Ici, rien n\u2019a chang\u00e9&#8230; Entrer chez Lucie, c\u2019est&#8230;<\/p>\n","protected":false},"author":1,"featured_media":0,"parent":0,"menu_order":0,"comment_status":"closed","ping_status":"closed","template":"","meta":{"footnotes":""},"class_list":["post-462","page","type-page","status-publish","hentry"],"yoast_head":"<!-- This site is optimized with the Yoast SEO plugin v27.5 - https:\/\/yoast.com\/product\/yoast-seo-wordpress\/ -->\n<title>Lucie, apr\u00e8s moi le d\u00e9luge \/\/ Site officiel<\/title>\n<meta name=\"description\" content=\"Site officiel du film documentaire de Sophie Loridon : Lucie, Apr\u00e8s moi le d\u00e9luge. Dates de diffusion, revue de presse, bande annonce.\" \/>\n<meta name=\"robots\" content=\"index, follow, max-snippet:-1, max-image-preview:large, max-video-preview:-1\" \/>\n<link rel=\"canonical\" href=\"https:\/\/www.cinedia.fr\/lucie-lefilm\/\" \/>\n<meta property=\"og:locale\" content=\"fr_FR\" \/>\n<meta property=\"og:type\" content=\"article\" \/>\n<meta property=\"og:title\" content=\"Lucie, apr\u00e8s moi le d\u00e9luge \/\/ Site officiel\" \/>\n<meta property=\"og:description\" content=\"Site officiel du film documentaire de Sophie Loridon : Lucie, Apr\u00e8s moi le d\u00e9luge. Dates de diffusion, revue de presse, bande annonce.\" \/>\n<meta property=\"og:url\" content=\"https:\/\/www.cinedia.fr\/lucie-lefilm\/\" \/>\n<meta property=\"og:site_name\" content=\"Lucie, Apr\u00e8s moi le d\u00e9luge \/\/ Site Officiel\" \/>\n<meta property=\"article:modified_time\" content=\"2026-03-02T08:12:15+00:00\" \/>\n<meta property=\"og:image\" content=\"https:\/\/www.cinedia.fr\/lucie-lefilm\/wp-content\/uploads\/2019\/03\/Lucie-film.png\" \/>\n<meta name=\"twitter:card\" content=\"summary_large_image\" \/>\n<meta name=\"twitter:label1\" content=\"Dur\u00e9e de lecture estim\u00e9e\" \/>\n\t<meta name=\"twitter:data1\" content=\"8 minutes\" \/>\n<script type=\"application\/ld+json\" class=\"yoast-schema-graph\">{\"@context\":\"https:\\\/\\\/schema.org\",\"@graph\":[{\"@type\":\"WebPage\",\"@id\":\"https:\\\/\\\/www.cinedia.fr\\\/lucie-lefilm\\\/\",\"url\":\"https:\\\/\\\/www.cinedia.fr\\\/lucie-lefilm\\\/\",\"name\":\"Lucie, apr\u00e8s moi le d\u00e9luge \\\/\\\/ Site officiel\",\"isPartOf\":{\"@id\":\"https:\\\/\\\/www.cinedia.fr\\\/lucie-lefilm\\\/#website\"},\"primaryImageOfPage\":{\"@id\":\"https:\\\/\\\/www.cinedia.fr\\\/lucie-lefilm\\\/#primaryimage\"},\"image\":{\"@id\":\"https:\\\/\\\/www.cinedia.fr\\\/lucie-lefilm\\\/#primaryimage\"},\"thumbnailUrl\":\"https:\\\/\\\/www.cinedia.fr\\\/lucie-lefilm\\\/wp-content\\\/uploads\\\/2019\\\/03\\\/Lucie-film.png\",\"datePublished\":\"2015-07-06T15:22:27+00:00\",\"dateModified\":\"2026-03-02T08:12:15+00:00\",\"description\":\"Site officiel du film documentaire de Sophie Loridon : Lucie, Apr\u00e8s moi le d\u00e9luge. Dates de diffusion, revue de presse, bande annonce.\",\"breadcrumb\":{\"@id\":\"https:\\\/\\\/www.cinedia.fr\\\/lucie-lefilm\\\/#breadcrumb\"},\"inLanguage\":\"fr-FR\",\"potentialAction\":[{\"@type\":\"ReadAction\",\"target\":[\"https:\\\/\\\/www.cinedia.fr\\\/lucie-lefilm\\\/\"]}]},{\"@type\":\"ImageObject\",\"inLanguage\":\"fr-FR\",\"@id\":\"https:\\\/\\\/www.cinedia.fr\\\/lucie-lefilm\\\/#primaryimage\",\"url\":\"https:\\\/\\\/www.cinedia.fr\\\/lucie-lefilm\\\/wp-content\\\/uploads\\\/2019\\\/03\\\/Lucie-film.png\",\"contentUrl\":\"https:\\\/\\\/www.cinedia.fr\\\/lucie-lefilm\\\/wp-content\\\/uploads\\\/2019\\\/03\\\/Lucie-film.png\",\"width\":909,\"height\":341},{\"@type\":\"BreadcrumbList\",\"@id\":\"https:\\\/\\\/www.cinedia.fr\\\/lucie-lefilm\\\/#breadcrumb\",\"itemListElement\":[{\"@type\":\"ListItem\",\"position\":1,\"name\":\"Accueil\",\"item\":\"https:\\\/\\\/www.cinedia.fr\\\/lucie-lefilm\\\/\"},{\"@type\":\"ListItem\",\"position\":2,\"name\":\"Accueil OK\"}]},{\"@type\":\"WebSite\",\"@id\":\"https:\\\/\\\/www.cinedia.fr\\\/lucie-lefilm\\\/#website\",\"url\":\"https:\\\/\\\/www.cinedia.fr\\\/lucie-lefilm\\\/\",\"name\":\"Lucie, Apr\u00e8s moi le d\u00e9luge \\\/\\\/ Site Officiel\",\"description\":\"Le site officiel du film documentaire de Sophie Loridon sorti en 2019.\",\"potentialAction\":[{\"@type\":\"SearchAction\",\"target\":{\"@type\":\"EntryPoint\",\"urlTemplate\":\"https:\\\/\\\/www.cinedia.fr\\\/lucie-lefilm\\\/?s={search_term_string}\"},\"query-input\":{\"@type\":\"PropertyValueSpecification\",\"valueRequired\":true,\"valueName\":\"search_term_string\"}}],\"inLanguage\":\"fr-FR\"}]}<\/script>\n<!-- \/ Yoast SEO plugin. -->","yoast_head_json":{"title":"Lucie, apr\u00e8s moi le d\u00e9luge \/\/ Site officiel","description":"Site officiel du film documentaire de Sophie Loridon : Lucie, Apr\u00e8s moi le d\u00e9luge. Dates de diffusion, revue de presse, bande annonce.","robots":{"index":"index","follow":"follow","max-snippet":"max-snippet:-1","max-image-preview":"max-image-preview:large","max-video-preview":"max-video-preview:-1"},"canonical":"https:\/\/www.cinedia.fr\/lucie-lefilm\/","og_locale":"fr_FR","og_type":"article","og_title":"Lucie, apr\u00e8s moi le d\u00e9luge \/\/ Site officiel","og_description":"Site officiel du film documentaire de Sophie Loridon : Lucie, Apr\u00e8s moi le d\u00e9luge. Dates de diffusion, revue de presse, bande annonce.","og_url":"https:\/\/www.cinedia.fr\/lucie-lefilm\/","og_site_name":"Lucie, Apr\u00e8s moi le d\u00e9luge \/\/ Site Officiel","article_modified_time":"2026-03-02T08:12:15+00:00","og_image":[{"url":"https:\/\/www.cinedia.fr\/lucie-lefilm\/wp-content\/uploads\/2019\/03\/Lucie-film.png","type":"","width":"","height":""}],"twitter_card":"summary_large_image","twitter_misc":{"Dur\u00e9e de lecture estim\u00e9e":"8 minutes"},"schema":{"@context":"https:\/\/schema.org","@graph":[{"@type":"WebPage","@id":"https:\/\/www.cinedia.fr\/lucie-lefilm\/","url":"https:\/\/www.cinedia.fr\/lucie-lefilm\/","name":"Lucie, apr\u00e8s moi le d\u00e9luge \/\/ Site officiel","isPartOf":{"@id":"https:\/\/www.cinedia.fr\/lucie-lefilm\/#website"},"primaryImageOfPage":{"@id":"https:\/\/www.cinedia.fr\/lucie-lefilm\/#primaryimage"},"image":{"@id":"https:\/\/www.cinedia.fr\/lucie-lefilm\/#primaryimage"},"thumbnailUrl":"https:\/\/www.cinedia.fr\/lucie-lefilm\/wp-content\/uploads\/2019\/03\/Lucie-film.png","datePublished":"2015-07-06T15:22:27+00:00","dateModified":"2026-03-02T08:12:15+00:00","description":"Site officiel du film documentaire de Sophie Loridon : Lucie, Apr\u00e8s moi le d\u00e9luge. Dates de diffusion, revue de presse, bande annonce.","breadcrumb":{"@id":"https:\/\/www.cinedia.fr\/lucie-lefilm\/#breadcrumb"},"inLanguage":"fr-FR","potentialAction":[{"@type":"ReadAction","target":["https:\/\/www.cinedia.fr\/lucie-lefilm\/"]}]},{"@type":"ImageObject","inLanguage":"fr-FR","@id":"https:\/\/www.cinedia.fr\/lucie-lefilm\/#primaryimage","url":"https:\/\/www.cinedia.fr\/lucie-lefilm\/wp-content\/uploads\/2019\/03\/Lucie-film.png","contentUrl":"https:\/\/www.cinedia.fr\/lucie-lefilm\/wp-content\/uploads\/2019\/03\/Lucie-film.png","width":909,"height":341},{"@type":"BreadcrumbList","@id":"https:\/\/www.cinedia.fr\/lucie-lefilm\/#breadcrumb","itemListElement":[{"@type":"ListItem","position":1,"name":"Accueil","item":"https:\/\/www.cinedia.fr\/lucie-lefilm\/"},{"@type":"ListItem","position":2,"name":"Accueil OK"}]},{"@type":"WebSite","@id":"https:\/\/www.cinedia.fr\/lucie-lefilm\/#website","url":"https:\/\/www.cinedia.fr\/lucie-lefilm\/","name":"Lucie, Apr\u00e8s moi le d\u00e9luge \/\/ Site Officiel","description":"Le site officiel du film documentaire de Sophie Loridon sorti en 2019.","potentialAction":[{"@type":"SearchAction","target":{"@type":"EntryPoint","urlTemplate":"https:\/\/www.cinedia.fr\/lucie-lefilm\/?s={search_term_string}"},"query-input":{"@type":"PropertyValueSpecification","valueRequired":true,"valueName":"search_term_string"}}],"inLanguage":"fr-FR"}]}},"_links":{"self":[{"href":"https:\/\/www.cinedia.fr\/lucie-lefilm\/wp-json\/wp\/v2\/pages\/462","targetHints":{"allow":["GET"]}}],"collection":[{"href":"https:\/\/www.cinedia.fr\/lucie-lefilm\/wp-json\/wp\/v2\/pages"}],"about":[{"href":"https:\/\/www.cinedia.fr\/lucie-lefilm\/wp-json\/wp\/v2\/types\/page"}],"author":[{"embeddable":true,"href":"https:\/\/www.cinedia.fr\/lucie-lefilm\/wp-json\/wp\/v2\/users\/1"}],"replies":[{"embeddable":true,"href":"https:\/\/www.cinedia.fr\/lucie-lefilm\/wp-json\/wp\/v2\/comments?post=462"}],"version-history":[{"count":159,"href":"https:\/\/www.cinedia.fr\/lucie-lefilm\/wp-json\/wp\/v2\/pages\/462\/revisions"}],"predecessor-version":[{"id":3009,"href":"https:\/\/www.cinedia.fr\/lucie-lefilm\/wp-json\/wp\/v2\/pages\/462\/revisions\/3009"}],"wp:attachment":[{"href":"https:\/\/www.cinedia.fr\/lucie-lefilm\/wp-json\/wp\/v2\/media?parent=462"}],"curies":[{"name":"wp","href":"https:\/\/api.w.org\/{rel}","templated":true}]}}